{"id":14488,"date":"2026-08-14T13:03:30","date_gmt":"2026-08-14T10:03:30","guid":{"rendered":"https:\/\/porvoojazzfestival.com\/2026-pikku-papun-orkesteri\/"},"modified":"2026-08-14T13:03:31","modified_gmt":"2026-08-14T10:03:31","slug":"2026-pikku-papun-orkesteri","status":"publish","type":"page","link":"https:\/\/porvoojazzfestival.com\/sv\/2026-pikku-papun-orkesteri\/","title":{"rendered":"2026 Pikku Papun Orkesteri"},"content":{"rendered":"<p>[et_pb_section fb_built=&#8221;1&#8243; admin_label=&#8221;Call to Action&#8221; _builder_version=&#8221;4.27.4&#8243; _module_preset=&#8221;default&#8221; use_background_color_gradient=&#8221;on&#8221; background_color_gradient_stops=&#8221;rgba(0,0,0,0.75) 0%|rgba(0,0,0,0.75) 100%&#8221; background_color_gradient_overlays_image=&#8221;on&#8221; background_image=&#8221;https:\/\/porvoojazzfestival.com\/wp-content\/uploads\/2026\/05\/Pikku_Papun_orkesteri-TAUSTA_PPO.jpg&#8221; background_enable_video_mp4=&#8221;off&#8221; custom_padding=&#8221;5vw||5vw||true|false&#8221; hover_enabled=&#8221;0&#8243; da_disable_devices=&#8221;off|off|off&#8221; locked=&#8221;off&#8221; collapsed=&#8221;on&#8221; global_colors_info=&#8221;{%22gcid-36fd78a7-34bc-404d-873c-dafa34efaae5%22:%91%22background_color%22%93}&#8221; title_text=&#8221;Pikku_Papun_orkesteri TAUSTA_PPO&#8221; sticky_enabled=&#8221;0&#8243; da_is_popup=&#8221;off&#8221; da_exit_intent=&#8221;off&#8221; da_has_close=&#8221;on&#8221; da_alt_close=&#8221;off&#8221; da_dark_close=&#8221;off&#8221; da_not_modal=&#8221;on&#8221; da_is_singular=&#8221;off&#8221; da_with_loader=&#8221;off&#8221; da_has_shadow=&#8221;on&#8221;][et_pb_row _builder_version=&#8221;4.24.3&#8243; _module_preset=&#8221;5138c454-be54-4233-bd3b-f8e6a8747976&#8243; locked=&#8221;off&#8221; global_colors_info=&#8221;{}&#8221;][et_pb_column type=&#8221;4_4&#8243; _builder_version=&#8221;4.18.0&#8243; _module_preset=&#8221;73121f80-a3ef-4484-8763-c3f18e3c56d2&#8243; global_colors_info=&#8221;{}&#8221;][et_pb_cta title=&#8221;Lilla b\u00f6nans orkester&#8221; button_url=&#8221;#&#8221; button_text=&#8221;Fri entr\u00e9&#8221; _builder_version=&#8221;4.27.4&#8243; _module_preset=&#8221;4c2ad5d0-871e-414e-a4be-aa9134d4ae8e&#8221; header_level=&#8221;h1&#8243; header_font=&#8221;Optional Heavy|Optional Heavy_weight||on|||||&#8221; header_text_color=&#8221;#fbcaf7&#8243; header_font_size=&#8221;47px&#8221; header_line_height=&#8221;1.2em&#8221; body_font=&#8221;Poppins||||||||&#8221; body_text_color=&#8221;#FFFFFF&#8221; body_font_size=&#8221;18px&#8221; body_line_height=&#8221;1.75em&#8221; background_color=&#8221;RGBA(255,255,255,0)&#8221; custom_button=&#8221;on&#8221; button_text_size=&#8221;14px&#8221; button_text_color=&#8221;#000000&#8243; button_bg_color=&#8221;#FFFFFF&#8221; button_border_width=&#8221;0px&#8221; button_border_color=&#8221;#000000&#8243; button_border_radius=&#8221;100px&#8221; button_font=&#8221;&#8211;et_global_body_font|700|||||||&#8221; button_custom_padding=&#8221;12px|24px|12px|24px|true|true&#8221; text_orientation=&#8221;left&#8221; custom_padding=&#8221;60px|60px|60px|60px|true|true&#8221; custom_padding_tablet=&#8221;30px|30px|30px|30px|true|true&#8221; custom_padding_phone=&#8221;20px|20px|20px|20px|true|true&#8221; custom_padding_last_edited=&#8221;on|desktop&#8221; hover_enabled=&#8221;0&#8243; header_font_size_tablet=&#8221;28px&#8221; header_font_size_phone=&#8221;20px&#8221; header_font_size_last_edited=&#8221;on|phone&#8221; body_font_size_tablet=&#8221;16px&#8221; body_font_size_phone=&#8221;14px&#8221; body_font_size_last_edited=&#8221;on|phone&#8221; border_radii=&#8221;on|6px|6px|6px|6px&#8221; box_shadow_style=&#8221;preset3&#8243; box_shadow_vertical=&#8221;24px&#8221; box_shadow_blur=&#8221;72px&#8221; box_shadow_spread=&#8221;-12px&#8221; box_shadow_color=&#8221;rgba(0,0,0,0.12)&#8221; locked=&#8221;off&#8221; global_colors_info=&#8221;{%22gcid-36fd78a7-34bc-404d-873c-dafa34efaae5%22:%91%22color%22,%22background_color%22%93,%22gcid-7cadd8b3-5228-48e4-90c4-212d09232f7b%22:%91%22color%22,%22color%22,%22color%22,%22color%22%93,%22gcid-f113ad93-2527-46d7-862b-fc71181c6b5e%22:%91%22border_color_all%22,%22border_color_all%22%93}&#8221; text_font_size_tablet=&#8221;16px&#8221; text_font_size_phone=&#8221;14px&#8221; text_font_size_last_edited=&#8221;on|phone&#8221; sticky_enabled=&#8221;0&#8243;]<\/p>\n<p>&#8221;<span style=\"font-weight: 400;\">Pikku Papuns s\u00e5nger har blivit v\u00e4lk\u00e4nda f\u00f6r m\u00e5nga genom programmet Pikku Kakkonen p\u00e5 Yle TV2 och <\/span> <span style=\"font-weight: 400;\">Fr\u00e5n konsertserien \u201dMusarullaa\u201d. K <\/span><span style=\"font-weight: 400;\">Under konserten f\u00e5r vi h\u00f6ra alfabetl\u00e5tar och orkesterklassiker<\/span><span>. <\/span><span style=\"font-weight: 400;\">Vid Pikku Papun Orkesters konsert f\u00e5r \u00e4ven de allra minsta i familjen vara med och sjunga och <\/span> <span style=\"font-weight: 400;\">lekar. Det \u00e4r ocks\u00e5 till\u00e5tet att jubla och dansa \u2013 det \u00e4r till och med \u00f6nskv\u00e4rt! <\/span><span>&#8221;<\/span><\/p>\n<p>[\/et_pb_cta][\/et_pb_column][\/et_pb_row][\/et_pb_section][et_pb_section fb_built=&#8221;1&#8243; admin_label=&#8221;Text &#038; Image&#8221; _builder_version=&#8221;4.18.0&#8243; _module_preset=&#8221;default&#8221; da_disable_devices=&#8221;off|off|off&#8221; locked=&#8221;off&#8221; collapsed=&#8221;on&#8221; global_colors_info=&#8221;{}&#8221; da_is_popup=&#8221;off&#8221; da_exit_intent=&#8221;off&#8221; da_has_close=&#8221;on&#8221; da_alt_close=&#8221;off&#8221; da_dark_close=&#8221;off&#8221; da_not_modal=&#8221;on&#8221; da_is_singular=&#8221;off&#8221; da_with_loader=&#8221;off&#8221; da_has_shadow=&#8221;on&#8221;][et_pb_row column_structure=&#8221;1_2,1_2&#8243; custom_padding_last_edited=&#8221;on|desktop&#8221; _builder_version=&#8221;4.24.3&#8243; _module_preset=&#8221;5138c454-be54-4233-bd3b-f8e6a8747976&#8243; use_background_color_gradient=&#8221;on&#8221; background_color_gradient_direction=&#8221;90deg&#8221; background_color_gradient_stops=&#8221;rgba(255,255,255,0) 15%|rgba(0,0,0,0.08) 15%&#8221; custom_padding=&#8221;90px||90px||false|false&#8221; custom_padding_tablet=&#8221;30px||30px||true|false&#8221; custom_padding_phone=&#8221;30px||30px||true|false&#8221; background_last_edited=&#8221;on|desktop&#8221; background_color_gradient_direction_tablet=&#8221;180deg&#8221; border_radii=&#8221;off||6px|6px|&#8221; border_radii_tablet=&#8221;off||0px|6px|6px&#8221; border_radii_phone=&#8221;off||0px|6px|6px&#8221; border_radii_last_edited=&#8221;on|tablet&#8221; global_colors_info=&#8221;{}&#8221;][et_pb_column type=&#8221;1_2&#8243; _builder_version=&#8221;4.18.0&#8243; _module_preset=&#8221;73121f80-a3ef-4484-8763-c3f18e3c56d2&#8243; global_colors_info=&#8221;{}&#8221;][et_pb_image src=&#8221;https:\/\/porvoojazzfestival.com\/wp-content\/uploads\/2026\/05\/623383607_1461363895935311_1063415663413562017_n.jpg&#8221; title_text=&#8221;623383607_1461363895935311_1063415663413562017_n&#8221; _builder_version=&#8221;4.27.4&#8243; _module_preset=&#8221;1cc6152f-565c-4c4d-b0c9-cf8c9576c341&#8243; border_radii=&#8221;on|6px|6px|6px|6px&#8221; box_shadow_style=&#8221;preset3&#8243; box_shadow_vertical=&#8221;40px&#8221; box_shadow_blur=&#8221;112px&#8221; box_shadow_spread=&#8221;-24px&#8221; box_shadow_color=&#8221;rgba(0,0,0,0.12)&#8221; global_colors_info=&#8221;{}&#8221;][\/et_pb_image][et_pb_text _builder_version=&#8221;4.27.4&#8243; _module_preset=&#8221;default&#8221; text_font=&#8221;&#8211;et_global_body_font|300|||||||&#8221; hover_enabled=&#8221;0&#8243; global_colors_info=&#8221;{}&#8221; sticky_enabled=&#8221;0&#8243;]<\/p>\n<p>Fotograf: Pikku Papu<\/p>\n<p>[\/et_pb_text][\/et_pb_column][et_pb_column type=&#8221;1_2&#8243; _builder_version=&#8221;4.23.1&#8243; _module_preset=&#8221;73121f80-a3ef-4484-8763-c3f18e3c56d2&#8243; custom_padding=&#8221;|30px|||false|false&#8221; custom_padding_tablet=&#8221;|30px||30px|false|true&#8221; custom_padding_phone=&#8221;|20px||20px|false|true&#8221; custom_padding_last_edited=&#8221;on|phone&#8221; global_colors_info=&#8221;{}&#8221;][et_pb_heading title=&#8221;torsdag 24 september kl. 17.30 \/ Huvudbiblioteket &#8221; _builder_version=&#8221;4.27.4&#8243; _module_preset=&#8221;f0c675ea-2574-4d0e-b725-30f8550a8550&#8243; title_level=&#8221;h3&#8243; title_font=&#8221;&#8211;et_global_heading_font|||on|||||&#8221; title_text_color=&#8221;#000000&#8243; title_letter_spacing=&#8221;1px&#8221; title_line_height=&#8221;1.4em&#8221; custom_margin=&#8221;||10px||false|false&#8221; hover_enabled=&#8221;0&#8243; title_font_size_tablet=&#8221;13px&#8221; title_font_size_phone=&#8221;13px&#8221; title_font_size_last_edited=&#8221;on|desktop&#8221; locked=&#8221;off&#8221; global_colors_info=&#8221;{}&#8221; sticky_enabled=&#8221;0&#8243;][\/et_pb_heading][et_pb_heading title=&#8221;Papinkatu 20 \/ S \/ fri entr\u00e9&#8221; _builder_version=&#8221;4.27.4&#8243; _module_preset=&#8221;f0c675ea-2574-4d0e-b725-30f8550a8550&#8243; title_level=&#8221;h6&#8243; title_font=&#8221;&#8211;et_global_body_font|||on|||||&#8221; title_text_color=&#8221;#000000&#8243; title_letter_spacing=&#8221;1px&#8221; title_line_height=&#8221;1.4em&#8221; custom_margin=&#8221;||10px||false|false&#8221; hover_enabled=&#8221;0&#8243; title_font_size_tablet=&#8221;13px&#8221; title_font_size_phone=&#8221;13px&#8221; title_font_size_last_edited=&#8221;on|desktop&#8221; locked=&#8221;off&#8221; global_colors_info=&#8221;{}&#8221; sticky_enabled=&#8221;0&#8243;][\/et_pb_heading][et_pb_text quote_border_color=&#8221;#57cc99&#8243; _builder_version=&#8221;4.27.4&#8243; _module_preset=&#8221;2c55a9c4-feed-423b-9edb-ae0b5b365cac&#8221; text_font=&#8221;&#8211;et_global_body_font||||||||&#8221; text_text_color=&#8221;#3c3a47&#8243; text_font_size=&#8221;16px&#8221; text_line_height=&#8221;1.75em&#8221; link_font=&#8221;|Poppins_weight|||||||&#8221; link_text_color=&#8221;#22577a&#8221; quote_font=&#8221;Optional Heavy|Optional Heavy_weight|||||||&#8221; quote_text_color=&#8221;#0e0c19&#8243; header_font=&#8221;&#8211;et_global_body_font|Optional Heavy_weight|||||||&#8221; header_text_color=&#8221;#0e0c19&#8243; header_font_size=&#8221;72px&#8221; header_line_height=&#8221;1.15em&#8221; header_2_font=&#8221;Optional Heavy|Optional Heavy_weight|||||||&#8221; header_2_text_color=&#8221;#0e0c19&#8243; header_2_font_size=&#8221;50px&#8221; header_2_line_height=&#8221;1.2em&#8221; header_3_font=&#8221;Optional Heavy|Optional Heavy_weight|||||||&#8221; header_3_text_color=&#8221;#0e0c19&#8243; header_3_font_size=&#8221;32px&#8221; header_3_line_height=&#8221;1.3em&#8221; header_4_font=&#8221;Optional Heavy|Optional Heavy_weight|||||||&#8221; header_4_text_color=&#8221;#0e0c19&#8243; header_4_font_size=&#8221;24px&#8221; header_4_line_height=&#8221;1.4em&#8221; header_5_font=&#8221;Optional Heavy|Optional Heavy_weight|||||||&#8221; header_5_text_color=&#8221;#0e0c19&#8243; header_5_font_size=&#8221;18px&#8221; header_5_line_height=&#8221;1.4em&#8221; header_6_font=&#8221;Optional Heavy|Optional Heavy_weight|||||||&#8221; header_6_text_color=&#8221;#0e0c19&#8243; header_6_line_height=&#8221;1.5em&#8221; custom_margin=&#8221;||||false|false&#8221; hover_enabled=&#8221;0&#8243; text_font_size_tablet=&#8221;15px&#8221; text_font_size_phone=&#8221;14px&#8221; text_font_size_last_edited=&#8221;on|phone&#8221; header_font_size_tablet=&#8221;40px&#8221; header_font_size_phone=&#8221;24px&#8221; header_font_size_last_edited=&#8221;on|desktop&#8221; header_2_font_size_tablet=&#8221;28px&#8221; header_2_font_size_phone=&#8221;20px&#8221; header_2_font_size_last_edited=&#8221;on|phone&#8221; header_3_font_size_tablet=&#8221;22px&#8221; header_3_font_size_phone=&#8221;17px&#8221; header_3_font_size_last_edited=&#8221;on|phone&#8221; header_4_font_size_tablet=&#8221;18px&#8221; header_4_font_size_phone=&#8221;15px&#8221; header_4_font_size_last_edited=&#8221;on|tablet&#8221; header_5_font_size_tablet=&#8221;15px&#8221; header_5_font_size_phone=&#8221;14px&#8221; header_5_font_size_last_edited=&#8221;on|desktop&#8221; header_6_font_size_tablet=&#8221;13px&#8221; header_6_font_size_phone=&#8221;13px&#8221; header_6_font_size_last_edited=&#8221;on|desktop&#8221; global_colors_info=&#8221;{}&#8221; sticky_enabled=&#8221;0&#8243;]<\/p>\n<p><span style=\"font-weight: 400;\">Pikku Papun Orkesteri tilldelades Jenny och Antti Wihuris stiftelses hederspris \u00e5r  <\/span><span style=\"font-weight: 400;\">En orkester som komponerar, arrangerar och framf\u00f6r barnmusik och som bel\u00f6nades 2018. Orkesterns s\u00e5nger skapas i samarbete med f\u00f6rfattaren och illustrat\u00f6ren Liisa Kallio. Orkestern har varit    <\/span><span style=\"font-weight: 400;\">nominerad vid Emma-galan i kategorin \u201d\u00c5rets barnskiva\u201d och vann 2018 <\/span><span style=\"font-weight: 400;\">priset f\u00f6r \u00c5rets barnmusikensemble vid barnmusikdagens Jellona-gala. <br \/><\/span><span style=\"font-weight: 400;\">Orkesterns energiska framtr\u00e4dande, akustiska instrument, flerst\u00e4mmig s\u00e5ng och de lekfulla arrangemangen i olika stilar <\/span><span style=\"font-weight: 400;\">har charmat s\u00e5v\u00e4l sm\u00e5 som \u00e4ldre lyssnare <\/span> <span style=\"font-weight: 400;\">hj\u00e4rtan. Pikku Papuns s\u00e5nger har blivit v\u00e4lk\u00e4nda f\u00f6r m\u00e5nga genom programmet Pikku Kakkonen p\u00e5 Yle TV2 och   <\/span><span style=\"font-weight: 400;\">Fr\u00e5n konsertserien \u201dMusarullaa\u201d. F\u00f6rutom folkvisor har orkestern tolkad och arrangerat annat   <\/span><span style=\"font-weight: 400;\">bland annat nya versioner av traditionella barns\u00e5nger f\u00f6r Yleisradio, fr\u00e5n \u201dM\u00f6rri-M\u00f6ykys\u201d till \u201dLenn\u00e4 Lenn\u00e4 <\/span><span style=\"font-weight: 400;\">\u201dLepp\u00e4kerttu\u201d. <\/span><span style=\"font-weight: 400;\">Vid Pikku Papun Orkesters konsert f\u00e5r \u00e4ven de allra minsta i familjen vara med och sjunga och <\/span> <span style=\"font-weight: 400;\">lekar. Det \u00e4r ocks\u00e5 till\u00e5tet att jubla och dansa \u2013 det \u00e4r till och med \u00f6nskv\u00e4rt! <\/span><\/p>\n<p>[\/et_pb_text][\/et_pb_column][\/et_pb_row][et_pb_row column_structure=&#8221;1_4,1_4,1_4,1_4&#8243; _builder_version=&#8221;4.27.4&#8243; _module_preset=&#8221;5138c454-be54-4233-bd3b-f8e6a8747976&#8243; global_colors_info=&#8221;{}&#8221;][et_pb_column type=&#8221;1_4&#8243; _builder_version=&#8221;4.18.0&#8243; _module_preset=&#8221;73121f80-a3ef-4484-8763-c3f18e3c56d2&#8243; global_colors_info=&#8221;{}&#8221;][et_pb_blurb title=&#8221;Facebook&#8221; url=&#8221;https:\/\/www.facebook.com\/pikkupapunorkesteri\/&#8221; use_icon=&#8221;on&#8221; font_icon=&#8221;&#xf39e;||fa||400&#8243; icon_color=&#8221;#000000&#8243; icon_placement=&#8221;left&#8221; image_icon_width=&#8221;24px&#8221; content_max_width=&#8221;100%&#8221; module_class=&#8221;ai_ignore_all&#8221; _builder_version=&#8221;4.27.4&#8243; _module_preset=&#8221;1ea53d41-9439-472c-8d8b-7bddb3bf9444&#8243; header_font=&#8221;Optional Heavy|Optional Heavy_weight|||||||&#8221; header_text_color=&#8221;#000000&#8243; header_font_size=&#8221;14px&#8221; header_line_height=&#8221;1.5em&#8221; body_font=&#8221;Poppins|Poppins_weight|||||||&#8221; body_text_color=&#8221;#3c3a47&#8243; body_font_size=&#8221;14px&#8221; body_line_height=&#8221;1.75em&#8221; body_link_text_color=&#8221;#22577a&#8221; animation=&#8221;off&#8221; link_option_url=&#8221;https:\/\/www.facebook.com\/pikkupapunorkesteri\/&#8221; hover_enabled=&#8221;0&#8243; header_font_size_tablet=&#8221;13px&#8221; header_font_size_phone=&#8221;13px&#8221; header_font_size_last_edited=&#8221;off|desktop&#8221; body_font_size_tablet=&#8221;15px&#8221; body_font_size_phone=&#8221;14px&#8221; body_font_size_last_edited=&#8221;off|desktop&#8221; border_radii_image=&#8221;on|6px|6px|6px|6px&#8221; global_colors_info=&#8221;{}&#8221; sticky_enabled=&#8221;0&#8243;][\/et_pb_blurb][\/et_pb_column][et_pb_column type=&#8221;1_4&#8243; _builder_version=&#8221;4.18.0&#8243; _module_preset=&#8221;73121f80-a3ef-4484-8763-c3f18e3c56d2&#8243; global_colors_info=&#8221;{}&#8221;][et_pb_blurb title=&#8221;Instagram&#8221; url=&#8221;https:\/\/www.instagram.com\/pikkupapunorkesteri\/&#8221; use_icon=&#8221;on&#8221; font_icon=&#8221;&#xf16d;||fa||400&#8243; icon_color=&#8221;#000000&#8243; icon_placement=&#8221;left&#8221; image_icon_width=&#8221;24px&#8221; content_max_width=&#8221;100%&#8221; module_class=&#8221;ai_ignore_all&#8221; _builder_version=&#8221;4.27.4&#8243; _module_preset=&#8221;1ea53d41-9439-472c-8d8b-7bddb3bf9444&#8243; header_font=&#8221;Optional Heavy|Optional Heavy_weight|||||||&#8221; header_text_color=&#8221;#000000&#8243; header_font_size=&#8221;14px&#8221; header_line_height=&#8221;1.5em&#8221; body_font=&#8221;Poppins|Poppins_weight|||||||&#8221; body_text_color=&#8221;#3c3a47&#8243; body_font_size=&#8221;14px&#8221; body_line_height=&#8221;1.75em&#8221; body_link_text_color=&#8221;#22577a&#8221; animation=&#8221;off&#8221; link_option_url=&#8221;https:\/\/www.instagram.com\/pikkupapunorkesteri\/&#8221; hover_enabled=&#8221;0&#8243; header_font_size_tablet=&#8221;13px&#8221; header_font_size_phone=&#8221;13px&#8221; header_font_size_last_edited=&#8221;off|desktop&#8221; body_font_size_tablet=&#8221;15px&#8221; body_font_size_phone=&#8221;14px&#8221; body_font_size_last_edited=&#8221;off|desktop&#8221; border_radii_image=&#8221;on|6px|6px|6px|6px&#8221; locked=&#8221;off&#8221; global_colors_info=&#8221;{}&#8221; sticky_enabled=&#8221;0&#8243;][\/et_pb_blurb][\/et_pb_column][et_pb_column type=&#8221;1_4&#8243; _builder_version=&#8221;4.18.0&#8243; _module_preset=&#8221;73121f80-a3ef-4484-8763-c3f18e3c56d2&#8243; global_colors_info=&#8221;{}&#8221;][et_pb_blurb title=&#8221;Spotify&#8221; url=&#8221;https:\/\/open.spotify.com\/artist\/4zjeTXXrv082xB0Iv7XrsJ&#8221; use_icon=&#8221;on&#8221; font_icon=&#8221;&#xe0bf;||divi||400&#8243; icon_color=&#8221;#000000&#8243; icon_placement=&#8221;left&#8221; image_icon_width=&#8221;24px&#8221; content_max_width=&#8221;100%&#8221; module_class=&#8221;ai_ignore_all&#8221; _builder_version=&#8221;4.27.4&#8243; _module_preset=&#8221;1ea53d41-9439-472c-8d8b-7bddb3bf9444&#8243; header_font=&#8221;Optional Heavy|Optional Heavy_weight|||||||&#8221; header_text_color=&#8221;#000000&#8243; header_font_size=&#8221;14px&#8221; header_line_height=&#8221;1.5em&#8221; body_font=&#8221;Poppins|Poppins_weight|||||||&#8221; body_text_color=&#8221;gcid-heading-color&#8221; body_font_size=&#8221;14px&#8221; body_line_height=&#8221;1.75em&#8221; body_link_text_color=&#8221;#22577a&#8221; animation=&#8221;off&#8221; link_option_url=&#8221;https:\/\/open.spotify.com\/artist\/4zjeTXXrv082xB0Iv7XrsJ&#8221; header_font_size_tablet=&#8221;13px&#8221; header_font_size_phone=&#8221;13px&#8221; header_font_size_last_edited=&#8221;off|desktop&#8221; body_font_size_tablet=&#8221;15px&#8221; body_font_size_phone=&#8221;14px&#8221; body_font_size_last_edited=&#8221;off|desktop&#8221; border_radii_image=&#8221;on|6px|6px|6px|6px&#8221; locked=&#8221;off&#8221; global_colors_info=&#8221;{%22gcid-heading-color%22:%91%22body_text_color%22%93}&#8221;][\/et_pb_blurb][\/et_pb_column][et_pb_column type=&#8221;1_4&#8243; _builder_version=&#8221;4.18.0&#8243; _module_preset=&#8221;73121f80-a3ef-4484-8763-c3f18e3c56d2&#8243; global_colors_info=&#8221;{}&#8221;][et_pb_blurb title=&#8221;Youtube&#8221; url=&#8221;https:\/\/www.youtube.com\/channel\/UCk4R_InU6e8L6y9awvdlhCw&#8221; use_icon=&#8221;on&#8221; font_icon=&#8221;&#xe0a3;||divi||400&#8243; icon_color=&#8221;#000000&#8243; icon_placement=&#8221;left&#8221; image_icon_width=&#8221;24px&#8221; content_max_width=&#8221;100%&#8221; module_class=&#8221;ai_ignore_all&#8221; _builder_version=&#8221;4.27.4&#8243; _module_preset=&#8221;1ea53d41-9439-472c-8d8b-7bddb3bf9444&#8243; header_font=&#8221;Optional Heavy|Optional Heavy_weight|||||||&#8221; header_text_color=&#8221;gcid-heading-color&#8221; header_font_size=&#8221;14px&#8221; header_line_height=&#8221;1.5em&#8221; body_font=&#8221;Poppins|Poppins_weight|||||||&#8221; body_text_color=&#8221;#000000&#8243; body_font_size=&#8221;14px&#8221; body_line_height=&#8221;1.75em&#8221; body_link_text_color=&#8221;#22577a&#8221; animation=&#8221;off&#8221; link_option_url=&#8221;https:\/\/www.youtube.com\/channel\/UCk4R_InU6e8L6y9awvdlhCw&#8221; header_font_size_tablet=&#8221;13px&#8221; header_font_size_phone=&#8221;13px&#8221; header_font_size_last_edited=&#8221;off|desktop&#8221; body_font_size_tablet=&#8221;15px&#8221; body_font_size_phone=&#8221;14px&#8221; body_font_size_last_edited=&#8221;off|desktop&#8221; border_radii_image=&#8221;on|6px|6px|6px|6px&#8221; locked=&#8221;off&#8221; global_colors_info=&#8221;{%22gcid-heading-color%22:%91%22header_text_color%22%93}&#8221;][\/et_pb_blurb][\/et_pb_column][\/et_pb_row][\/et_pb_section]<\/p>\n","protected":false},"excerpt":{"rendered":"<p>&#8221;Pikku Papuns s\u00e5nger har blivit v\u00e4lk\u00e4nda f\u00f6r m\u00e5nga genom programmet Pikku Kakkonen p\u00e5 Yle TV2 och Fr\u00e5n konsertserien \u201dMusarullaa\u201d. K Under konserten f\u00e5r vi h\u00f6ra alfabetl\u00e5tar och orkesterklassiker. Vid Pikku Papun Orkesters konsert f\u00e5r \u00e4ven de allra minsta i familjen vara med och sjunga och lekar. Det \u00e4r ocks\u00e5 till\u00e5tet att jubla och dansa \u2013 [&hellip;]<\/p>\n","protected":false},"author":14,"featured_media":0,"parent":0,"menu_order":0,"comment_status":"closed","ping_status":"closed","template":"","meta":{"_acf_changed":false,"_et_pb_use_builder":"on","_et_pb_old_content":"","_et_gb_content_width":"","footnotes":""},"class_list":["post-14488","page","type-page","status-publish","hentry"],"acf":[],"yoast_head":"<!-- This site is optimized with the Yoast SEO plugin v28.1 - https:\/\/yoast.com\/product\/yoast-seo-wordpress\/ -->\n<title>2026 Pikku Papun Orkesteri - Porvoo Jazz Festival<\/title>\n<meta name=\"robots\" content=\"index, follow, max-snippet:-1, max-image-preview:large, max-video-preview:-1\" \/>\n<link rel=\"canonical\" href=\"https:\/\/porvoojazzfestival.com\/sv\/2026-pikku-papun-orkesteri\/\" \/>\n<meta property=\"og:locale\" content=\"sv_SE\" \/>\n<meta property=\"og:type\" content=\"article\" \/>\n<meta property=\"og:title\" content=\"2026 Pikku Papun Orkesteri - Porvoo Jazz Festival\" \/>\n<meta property=\"og:description\" content=\"&quot;Pikku Papuns s\u00e5nger har blivit v\u00e4lk\u00e4nda f\u00f6r m\u00e5nga genom programmet Pikku Kakkonen p\u00e5 Yle TV2 och Fr\u00e5n konsertserien \u201dMusarullaa\u201d. K Under konserten f\u00e5r vi h\u00f6ra alfabetl\u00e5tar och orkesterklassiker. Vid Pikku Papun Orkesters konsert f\u00e5r \u00e4ven de allra minsta i familjen vara med och sjunga och lekar. Det \u00e4r ocks\u00e5 till\u00e5tet att jubla och dansa \u2013 [&hellip;]\" \/>\n<meta property=\"og:url\" content=\"https:\/\/porvoojazzfestival.com\/sv\/2026-pikku-papun-orkesteri\/\" \/>\n<meta property=\"og:site_name\" content=\"Porvoo Jazz Festival\" \/>\n<meta property=\"article:publisher\" content=\"https:\/\/www.facebook.com\/PorvooJazzFestival\/\" \/>\n<meta property=\"article:modified_time\" content=\"2026-08-14T10:03:31+00:00\" \/>\n<meta property=\"og:image\" content=\"https:\/\/porvoojazzfestival.com\/wp-content\/uploads\/2025\/04\/PorvooJazzFest.jpg\" \/>\n\t<meta property=\"og:image:width\" content=\"1280\" \/>\n\t<meta property=\"og:image:height\" content=\"670\" \/>\n\t<meta property=\"og:image:type\" content=\"image\/jpeg\" \/>\n<meta name=\"twitter:card\" content=\"summary_large_image\" \/>\n<meta name=\"twitter:site\" content=\"@porvoojazzfest\" \/>\n<meta name=\"twitter:label1\" content=\"Ber\u00e4knad l\u00e4stid\" \/>\n\t<meta name=\"twitter:data1\" content=\"11 minuter\" \/>\n<script type=\"application\/ld+json\" class=\"yoast-schema-graph\">{\"@context\":\"https:\\\/\\\/schema.org\",\"@graph\":[{\"@type\":\"WebPage\",\"@id\":\"https:\\\/\\\/porvoojazzfestival.com\\\/sv\\\/2026-pikku-papun-orkesteri\\\/\",\"url\":\"https:\\\/\\\/porvoojazzfestival.com\\\/sv\\\/2026-pikku-papun-orkesteri\\\/\",\"name\":\"2026 Pikku Papun Orkesteri - Porvoo Jazz Festival\",\"isPartOf\":{\"@id\":\"https:\\\/\\\/porvoojazzfestival.com\\\/sv\\\/#website\"},\"datePublished\":\"2026-08-14T10:03:30+00:00\",\"dateModified\":\"2026-08-14T10:03:31+00:00\",\"breadcrumb\":{\"@id\":\"https:\\\/\\\/porvoojazzfestival.com\\\/sv\\\/2026-pikku-papun-orkesteri\\\/#breadcrumb\"},\"inLanguage\":\"sv-SE\",\"potentialAction\":[{\"@type\":\"ReadAction\",\"target\":[\"https:\\\/\\\/porvoojazzfestival.com\\\/sv\\\/2026-pikku-papun-orkesteri\\\/\"]}]},{\"@type\":\"BreadcrumbList\",\"@id\":\"https:\\\/\\\/porvoojazzfestival.com\\\/sv\\\/2026-pikku-papun-orkesteri\\\/#breadcrumb\",\"itemListElement\":[{\"@type\":\"ListItem\",\"position\":1,\"name\":\"Home\",\"item\":\"https:\\\/\\\/porvoojazzfestival.com\\\/sv\\\/programmet-for-2026\\\/\"},{\"@type\":\"ListItem\",\"position\":2,\"name\":\"2026 Pikku Papun Orkesteri\"}]},{\"@type\":\"WebSite\",\"@id\":\"https:\\\/\\\/porvoojazzfestival.com\\\/sv\\\/#website\",\"url\":\"https:\\\/\\\/porvoojazzfestival.com\\\/sv\\\/\",\"name\":\"Porvoo Jazz Festival\",\"description\":\"The Cosy Jazz Fest\",\"publisher\":{\"@id\":\"https:\\\/\\\/porvoojazzfestival.com\\\/sv\\\/#organization\"},\"potentialAction\":[{\"@type\":\"SearchAction\",\"target\":{\"@type\":\"EntryPoint\",\"urlTemplate\":\"https:\\\/\\\/porvoojazzfestival.com\\\/sv\\\/?s={search_term_string}\"},\"query-input\":{\"@type\":\"PropertyValueSpecification\",\"valueRequired\":true,\"valueName\":\"search_term_string\"}}],\"inLanguage\":\"sv-SE\"},{\"@type\":\"Organization\",\"@id\":\"https:\\\/\\\/porvoojazzfestival.com\\\/sv\\\/#organization\",\"name\":\"Porvoo Jazz Festival\",\"url\":\"https:\\\/\\\/porvoojazzfestival.com\\\/sv\\\/\",\"logo\":{\"@type\":\"ImageObject\",\"inLanguage\":\"sv-SE\",\"@id\":\"https:\\\/\\\/porvoojazzfestival.com\\\/sv\\\/#\\\/schema\\\/logo\\\/image\\\/\",\"url\":\"https:\\\/\\\/porvoojazzfestival.com\\\/wp-content\\\/uploads\\\/2025\\\/01\\\/cropped-Porvoo-Jazz-Festival-Favicon.png\",\"contentUrl\":\"https:\\\/\\\/porvoojazzfestival.com\\\/wp-content\\\/uploads\\\/2025\\\/01\\\/cropped-Porvoo-Jazz-Festival-Favicon.png\",\"width\":512,\"height\":512,\"caption\":\"Porvoo Jazz Festival\"},\"image\":{\"@id\":\"https:\\\/\\\/porvoojazzfestival.com\\\/sv\\\/#\\\/schema\\\/logo\\\/image\\\/\"},\"sameAs\":[\"https:\\\/\\\/www.facebook.com\\\/PorvooJazzFestival\\\/\",\"https:\\\/\\\/x.com\\\/porvoojazzfest\"]}]}<\/script>\n<!-- \/ Yoast SEO plugin. -->","yoast_head_json":{"title":"2026 Pikku Papun Orkesteri - Porvoo Jazz Festival","robots":{"index":"index","follow":"follow","max-snippet":"max-snippet:-1","max-image-preview":"max-image-preview:large","max-video-preview":"max-video-preview:-1"},"canonical":"https:\/\/porvoojazzfestival.com\/sv\/2026-pikku-papun-orkesteri\/","og_locale":"sv_SE","og_type":"article","og_title":"2026 Pikku Papun Orkesteri - Porvoo Jazz Festival","og_description":"\"Pikku Papuns s\u00e5nger har blivit v\u00e4lk\u00e4nda f\u00f6r m\u00e5nga genom programmet Pikku Kakkonen p\u00e5 Yle TV2 och Fr\u00e5n konsertserien \u201dMusarullaa\u201d. K Under konserten f\u00e5r vi h\u00f6ra alfabetl\u00e5tar och orkesterklassiker. Vid Pikku Papun Orkesters konsert f\u00e5r \u00e4ven de allra minsta i familjen vara med och sjunga och lekar. Det \u00e4r ocks\u00e5 till\u00e5tet att jubla och dansa \u2013 [&hellip;]","og_url":"https:\/\/porvoojazzfestival.com\/sv\/2026-pikku-papun-orkesteri\/","og_site_name":"Porvoo Jazz Festival","article_publisher":"https:\/\/www.facebook.com\/PorvooJazzFestival\/","article_modified_time":"2026-08-14T10:03:31+00:00","og_image":[{"width":1280,"height":670,"url":"https:\/\/porvoojazzfestival.com\/wp-content\/uploads\/2025\/04\/PorvooJazzFest.jpg","type":"image\/jpeg"}],"twitter_card":"summary_large_image","twitter_site":"@porvoojazzfest","twitter_misc":{"Ber\u00e4knad l\u00e4stid":"11 minuter"},"schema":{"@context":"https:\/\/schema.org","@graph":[{"@type":"WebPage","@id":"https:\/\/porvoojazzfestival.com\/sv\/2026-pikku-papun-orkesteri\/","url":"https:\/\/porvoojazzfestival.com\/sv\/2026-pikku-papun-orkesteri\/","name":"2026 Pikku Papun Orkesteri - Porvoo Jazz Festival","isPartOf":{"@id":"https:\/\/porvoojazzfestival.com\/sv\/#website"},"datePublished":"2026-08-14T10:03:30+00:00","dateModified":"2026-08-14T10:03:31+00:00","breadcrumb":{"@id":"https:\/\/porvoojazzfestival.com\/sv\/2026-pikku-papun-orkesteri\/#breadcrumb"},"inLanguage":"sv-SE","potentialAction":[{"@type":"ReadAction","target":["https:\/\/porvoojazzfestival.com\/sv\/2026-pikku-papun-orkesteri\/"]}]},{"@type":"BreadcrumbList","@id":"https:\/\/porvoojazzfestival.com\/sv\/2026-pikku-papun-orkesteri\/#breadcrumb","itemListElement":[{"@type":"ListItem","position":1,"name":"Home","item":"https:\/\/porvoojazzfestival.com\/sv\/programmet-for-2026\/"},{"@type":"ListItem","position":2,"name":"2026 Pikku Papun Orkesteri"}]},{"@type":"WebSite","@id":"https:\/\/porvoojazzfestival.com\/sv\/#website","url":"https:\/\/porvoojazzfestival.com\/sv\/","name":"Porvoo Jazz Festival","description":"The Cosy Jazz Fest","publisher":{"@id":"https:\/\/porvoojazzfestival.com\/sv\/#organization"},"potentialAction":[{"@type":"SearchAction","target":{"@type":"EntryPoint","urlTemplate":"https:\/\/porvoojazzfestival.com\/sv\/?s={search_term_string}"},"query-input":{"@type":"PropertyValueSpecification","valueRequired":true,"valueName":"search_term_string"}}],"inLanguage":"sv-SE"},{"@type":"Organization","@id":"https:\/\/porvoojazzfestival.com\/sv\/#organization","name":"Porvoo Jazz Festival","url":"https:\/\/porvoojazzfestival.com\/sv\/","logo":{"@type":"ImageObject","inLanguage":"sv-SE","@id":"https:\/\/porvoojazzfestival.com\/sv\/#\/schema\/logo\/image\/","url":"https:\/\/porvoojazzfestival.com\/wp-content\/uploads\/2025\/01\/cropped-Porvoo-Jazz-Festival-Favicon.png","contentUrl":"https:\/\/porvoojazzfestival.com\/wp-content\/uploads\/2025\/01\/cropped-Porvoo-Jazz-Festival-Favicon.png","width":512,"height":512,"caption":"Porvoo Jazz Festival"},"image":{"@id":"https:\/\/porvoojazzfestival.com\/sv\/#\/schema\/logo\/image\/"},"sameAs":["https:\/\/www.facebook.com\/PorvooJazzFestival\/","https:\/\/x.com\/porvoojazzfest"]}]}},"_links":{"self":[{"href":"https:\/\/porvoojazzfestival.com\/sv\/wp-json\/wp\/v2\/pages\/14488","targetHints":{"allow":["GET"]}}],"collection":[{"href":"https:\/\/porvoojazzfestival.com\/sv\/wp-json\/wp\/v2\/pages"}],"about":[{"href":"https:\/\/porvoojazzfestival.com\/sv\/wp-json\/wp\/v2\/types\/page"}],"author":[{"embeddable":true,"href":"https:\/\/porvoojazzfestival.com\/sv\/wp-json\/wp\/v2\/users\/14"}],"replies":[{"embeddable":true,"href":"https:\/\/porvoojazzfestival.com\/sv\/wp-json\/wp\/v2\/comments?post=14488"}],"version-history":[{"count":2,"href":"https:\/\/porvoojazzfestival.com\/sv\/wp-json\/wp\/v2\/pages\/14488\/revisions"}],"predecessor-version":[{"id":14490,"href":"https:\/\/porvoojazzfestival.com\/sv\/wp-json\/wp\/v2\/pages\/14488\/revisions\/14490"}],"wp:attachment":[{"href":"https:\/\/porvoojazzfestival.com\/sv\/wp-json\/wp\/v2\/media?parent=14488"}],"curies":[{"name":"wp","href":"https:\/\/api.w.org\/{rel}","templated":true}]}}