{"id":13345,"date":"2026-04-09T13:54:21","date_gmt":"2026-04-09T10:54:21","guid":{"rendered":"https:\/\/porvoojazzfestival.com\/joonas-haavisto-trio-2\/"},"modified":"2026-04-09T13:54:21","modified_gmt":"2026-04-09T10:54:21","slug":"joonas-haavisto-trio-2","status":"publish","type":"page","link":"https:\/\/porvoojazzfestival.com\/sv\/joonas-haavisto-trio-2\/","title":{"rendered":"Joonas haavisto trio"},"content":{"rendered":"<p>[et_pb_section fb_built=&#8221;1&#8243; admin_label=&#8221;Call to Action&#8221; _builder_version=&#8221;4.27.4&#8243; _module_preset=&#8221;default&#8221; use_background_color_gradient=&#8221;on&#8221; background_color_gradient_stops=&#8221;rgba(0,0,0,0.75) 0%|rgba(0,0,0,0.75) 100%&#8221; background_color_gradient_overlays_image=&#8221;on&#8221; background_image=&#8221;https:\/\/porvoojazzfestival.com\/wp-content\/uploads\/2026\/04\/Y9A1609-5.jpg&#8221; background_enable_video_mp4=&#8221;off&#8221; custom_padding=&#8221;5vw||5vw||true|false&#8221; da_disable_devices=&#8221;off|off|off&#8221; locked=&#8221;off&#8221; collapsed=&#8221;on&#8221; global_colors_info=&#8221;{%22gcid-36fd78a7-34bc-404d-873c-dafa34efaae5%22:%91%22background_color%22%93}&#8221; da_is_popup=&#8221;off&#8221; da_exit_intent=&#8221;off&#8221; da_has_close=&#8221;on&#8221; da_alt_close=&#8221;off&#8221; da_dark_close=&#8221;off&#8221; da_not_modal=&#8221;on&#8221; da_is_singular=&#8221;off&#8221; da_with_loader=&#8221;off&#8221; da_has_shadow=&#8221;on&#8221;][et_pb_row _builder_version=&#8221;4.24.3&#8243; _module_preset=&#8221;5138c454-be54-4233-bd3b-f8e6a8747976&#8243; locked=&#8221;off&#8221; global_colors_info=&#8221;{}&#8221;][et_pb_column type=&#8221;4_4&#8243; _builder_version=&#8221;4.18.0&#8243; _module_preset=&#8221;73121f80-a3ef-4484-8763-c3f18e3c56d2&#8243; global_colors_info=&#8221;{}&#8221;][et_pb_cta title=&#8221;JOONAS HAAVISTO trio&#8221; button_url=&#8221;https:\/\/biletti.fi\/e\/porvoo-jazz-club-joonas-haavisto-trio-porvoo&#8221; button_text=&#8221;Biljetter&#8221; _builder_version=&#8221;4.27.4&#8243; _module_preset=&#8221;4c2ad5d0-871e-414e-a4be-aa9134d4ae8e&#8221; header_level=&#8221;h1&#8243; header_font=&#8221;Optional Heavy|Optional Heavy_weight||on|||||&#8221; header_font_size=&#8221;47px&#8221; header_line_height=&#8221;1.2em&#8221; body_font=&#8221;Poppins||||||||&#8221; body_text_color=&#8221;#FFFFFF&#8221; body_font_size=&#8221;18px&#8221; body_line_height=&#8221;1.75em&#8221; background_color=&#8221;RGBA(255,255,255,0)&#8221; custom_button=&#8221;on&#8221; button_text_size=&#8221;14px&#8221; button_text_color=&#8221;#FFFFFF&#8221; button_bg_color=&#8221;gcid-6d54733e-d6b0-4a68-afb9-75aa12b454bf&#8221; button_border_width=&#8221;0px&#8221; button_border_radius=&#8221;100px&#8221; button_font=&#8221;&#8211;et_global_body_font|700|||||||&#8221; button_custom_padding=&#8221;12px|24px|12px|24px|true|true&#8221; text_orientation=&#8221;left&#8221; custom_padding=&#8221;60px|60px|60px|60px|true|true&#8221; custom_padding_tablet=&#8221;30px|30px|30px|30px|true|true&#8221; custom_padding_phone=&#8221;20px|20px|20px|20px|true|true&#8221; custom_padding_last_edited=&#8221;on|desktop&#8221; hover_enabled=&#8221;0&#8243; header_font_size_tablet=&#8221;28px&#8221; header_font_size_phone=&#8221;20px&#8221; header_font_size_last_edited=&#8221;on|phone&#8221; body_font_size_tablet=&#8221;16px&#8221; body_font_size_phone=&#8221;14px&#8221; body_font_size_last_edited=&#8221;on|phone&#8221; border_radii=&#8221;on|6px|6px|6px|6px&#8221; box_shadow_style=&#8221;preset3&#8243; box_shadow_vertical=&#8221;24px&#8221; box_shadow_blur=&#8221;72px&#8221; box_shadow_spread=&#8221;-12px&#8221; box_shadow_color=&#8221;rgba(0,0,0,0.12)&#8221; locked=&#8221;off&#8221; global_colors_info=&#8221;{%22gcid-36fd78a7-34bc-404d-873c-dafa34efaae5%22:%91%22color%22,%22background_color%22%93,%22gcid-7cadd8b3-5228-48e4-90c4-212d09232f7b%22:%91%22color%22,%22color%22,%22color%22,%22color%22%93,%22gcid-f113ad93-2527-46d7-862b-fc71181c6b5e%22:%91%22border_color_all%22,%22border_color_all%22%93,%22gcid-6d54733e-d6b0-4a68-afb9-75aa12b454bf%22:%91%22button_bg_color%22%93}&#8221; text_font_size_tablet=&#8221;16px&#8221; text_font_size_phone=&#8221;14px&#8221; text_font_size_last_edited=&#8221;on|phone&#8221; sticky_enabled=&#8221;0&#8243;]<\/p>\n<p><span class=\"hover:entity-accent entity-underline inline cursor-pointer align-baseline\"><span class=\"whitespace-normal\">Joonas Haavisto Trio<\/span><\/span><span> \u00e4r en av de viktigaste ensemblerna inom finsk samtida jazz och har uppn\u00e5tt stor internationell synlighet. Trion, som har varit verksam sedan 2006, \u00e4r k\u00e4nd f\u00f6r sitt tydliga nordiska uttryck, melodiska kraft och rika och nyanserade rytmik. <\/span><\/p>\n<p>Biljetter i f\u00f6rk\u00f6p 17\/ 15 \u20ac, vid d\u00f6rren 20 \u20ac, Jazz\u00e4lskare-biljett 25 \u20ac<\/p>\n<p>[\/et_pb_cta][\/et_pb_column][\/et_pb_row][\/et_pb_section][et_pb_section fb_built=&#8221;1&#8243; admin_label=&#8221;Text &#038; Image&#8221; _builder_version=&#8221;4.18.0&#8243; _module_preset=&#8221;default&#8221; da_disable_devices=&#8221;off|off|off&#8221; locked=&#8221;off&#8221; collapsed=&#8221;on&#8221; global_colors_info=&#8221;{}&#8221; da_is_popup=&#8221;off&#8221; da_exit_intent=&#8221;off&#8221; da_has_close=&#8221;on&#8221; da_alt_close=&#8221;off&#8221; da_dark_close=&#8221;off&#8221; da_not_modal=&#8221;on&#8221; da_is_singular=&#8221;off&#8221; da_with_loader=&#8221;off&#8221; da_has_shadow=&#8221;on&#8221;][et_pb_row column_structure=&#8221;1_2,1_2&#8243; custom_padding_last_edited=&#8221;on|desktop&#8221; _builder_version=&#8221;4.24.3&#8243; _module_preset=&#8221;5138c454-be54-4233-bd3b-f8e6a8747976&#8243; use_background_color_gradient=&#8221;on&#8221; background_color_gradient_direction=&#8221;90deg&#8221; background_color_gradient_stops=&#8221;rgba(255,255,255,0) 15%|rgba(0,0,0,0.08) 15%&#8221; custom_padding=&#8221;90px||90px||true|false&#8221; custom_padding_tablet=&#8221;30px||30px||true|false&#8221; custom_padding_phone=&#8221;30px||30px||true|false&#8221; background_last_edited=&#8221;on|desktop&#8221; background_color_gradient_direction_tablet=&#8221;180deg&#8221; border_radii=&#8221;off||6px|6px|&#8221; border_radii_tablet=&#8221;off||0px|6px|6px&#8221; border_radii_phone=&#8221;off||0px|6px|6px&#8221; border_radii_last_edited=&#8221;on|tablet&#8221; global_colors_info=&#8221;{}&#8221;][et_pb_column type=&#8221;1_2&#8243; _builder_version=&#8221;4.18.0&#8243; _module_preset=&#8221;73121f80-a3ef-4484-8763-c3f18e3c56d2&#8243; global_colors_info=&#8221;{}&#8221;][et_pb_image src=&#8221;https:\/\/porvoojazzfestival.com\/wp-content\/uploads\/2026\/04\/Y9A1609-5.jpg&#8221; title_text=&#8221;_Y9A1609-5&#8243; _builder_version=&#8221;4.27.4&#8243; _module_preset=&#8221;1cc6152f-565c-4c4d-b0c9-cf8c9576c341&#8243; border_radii=&#8221;on|6px|6px|6px|6px&#8221; box_shadow_style=&#8221;preset3&#8243; box_shadow_vertical=&#8221;40px&#8221; box_shadow_blur=&#8221;112px&#8221; box_shadow_spread=&#8221;-24px&#8221; box_shadow_color=&#8221;rgba(0,0,0,0.12)&#8221; global_colors_info=&#8221;{}&#8221;][\/et_pb_image][et_pb_text _builder_version=&#8221;4.27.4&#8243; _module_preset=&#8221;default&#8221; text_font=&#8221;&#8211;et_global_body_font|300|||||||&#8221; global_colors_info=&#8221;{}&#8221;]<\/p>\n<p>Foto av Jari Kivel\u00e4<\/p>\n<p>[\/et_pb_text][\/et_pb_column][et_pb_column type=&#8221;1_2&#8243; _builder_version=&#8221;4.23.1&#8243; _module_preset=&#8221;73121f80-a3ef-4484-8763-c3f18e3c56d2&#8243; custom_padding=&#8221;|30px|||false|false&#8221; custom_padding_tablet=&#8221;|30px||30px|false|true&#8221; custom_padding_phone=&#8221;|20px||20px|false|true&#8221; custom_padding_last_edited=&#8221;on|phone&#8221; global_colors_info=&#8221;{}&#8221;][et_pb_heading title=&#8221;Fredag 15.5. kl 19 \/ Gamla 123 &#8221; _builder_version=&#8221;4.27.4&#8243; _module_preset=&#8221;f0c675ea-2574-4d0e-b725-30f8550a8550&#8243; title_level=&#8221;h3&#8243; title_font=&#8221;&#8211;et_global_heading_font|||on|||||&#8221; title_text_color=&#8221;gcid-heading-color&#8221; title_letter_spacing=&#8221;1px&#8221; title_line_height=&#8221;1.4em&#8221; custom_margin=&#8221;||10px||false|false&#8221; title_font_size_tablet=&#8221;13px&#8221; title_font_size_phone=&#8221;13px&#8221; title_font_size_last_edited=&#8221;on|desktop&#8221; locked=&#8221;off&#8221; global_colors_info=&#8221;{%22gcid-heading-color%22:%91%22title_text_color%22%93}&#8221;][\/et_pb_heading][et_pb_heading title=&#8221;kaivokatu 37 b \/ K-18 \/ d\u00f6rrar till baren kl. 18:00&#8243; _builder_version=&#8221;4.27.4&#8243; _module_preset=&#8221;f0c675ea-2574-4d0e-b725-30f8550a8550&#8243; title_level=&#8221;h6&#8243; title_font=&#8221;&#8211;et_global_body_font|||on|||||&#8221; title_text_color=&#8221;#000000&#8243; title_letter_spacing=&#8221;1px&#8221; title_line_height=&#8221;1.4em&#8221; custom_margin=&#8221;||10px||false|false&#8221; title_font_size_tablet=&#8221;13px&#8221; title_font_size_phone=&#8221;13px&#8221; title_font_size_last_edited=&#8221;on|desktop&#8221; locked=&#8221;off&#8221; global_colors_info=&#8221;{}&#8221;][\/et_pb_heading][et_pb_text quote_border_color=&#8221;#57cc99&#8243; _builder_version=&#8221;4.27.4&#8243; _module_preset=&#8221;2c55a9c4-feed-423b-9edb-ae0b5b365cac&#8221; text_font=&#8221;&#8211;et_global_body_font||||||||&#8221; text_text_color=&#8221;#3c3a47&#8243; text_font_size=&#8221;16px&#8221; text_line_height=&#8221;1.75em&#8221; link_font=&#8221;|Poppins_weight|||||||&#8221; link_text_color=&#8221;#22577a&#8221; quote_font=&#8221;Optional Heavy|Optional Heavy_weight|||||||&#8221; quote_text_color=&#8221;#0e0c19&#8243; header_font=&#8221;&#8211;et_global_body_font|Optional Heavy_weight|||||||&#8221; header_text_color=&#8221;#0e0c19&#8243; header_font_size=&#8221;72px&#8221; header_line_height=&#8221;1.15em&#8221; header_2_font=&#8221;Optional Heavy|Optional Heavy_weight|||||||&#8221; header_2_text_color=&#8221;#0e0c19&#8243; header_2_font_size=&#8221;50px&#8221; header_2_line_height=&#8221;1.2em&#8221; header_3_font=&#8221;Optional Heavy|Optional Heavy_weight|||||||&#8221; header_3_text_color=&#8221;#0e0c19&#8243; header_3_font_size=&#8221;32px&#8221; header_3_line_height=&#8221;1.3em&#8221; header_4_font=&#8221;Optional Heavy|Optional Heavy_weight|||||||&#8221; header_4_text_color=&#8221;#0e0c19&#8243; header_4_font_size=&#8221;24px&#8221; header_4_line_height=&#8221;1.4em&#8221; header_5_font=&#8221;Optional Heavy|Optional Heavy_weight|||||||&#8221; header_5_text_color=&#8221;#0e0c19&#8243; header_5_font_size=&#8221;18px&#8221; header_5_line_height=&#8221;1.4em&#8221; header_6_font=&#8221;Optional Heavy|Optional Heavy_weight|||||||&#8221; header_6_text_color=&#8221;#0e0c19&#8243; header_6_line_height=&#8221;1.5em&#8221; custom_margin=&#8221;||||false|false&#8221; text_font_size_tablet=&#8221;15px&#8221; text_font_size_phone=&#8221;14px&#8221; text_font_size_last_edited=&#8221;on|phone&#8221; header_font_size_tablet=&#8221;40px&#8221; header_font_size_phone=&#8221;24px&#8221; header_font_size_last_edited=&#8221;on|desktop&#8221; header_2_font_size_tablet=&#8221;28px&#8221; header_2_font_size_phone=&#8221;20px&#8221; header_2_font_size_last_edited=&#8221;on|phone&#8221; header_3_font_size_tablet=&#8221;22px&#8221; header_3_font_size_phone=&#8221;17px&#8221; header_3_font_size_last_edited=&#8221;on|phone&#8221; header_4_font_size_tablet=&#8221;18px&#8221; header_4_font_size_phone=&#8221;15px&#8221; header_4_font_size_last_edited=&#8221;on|tablet&#8221; header_5_font_size_tablet=&#8221;15px&#8221; header_5_font_size_phone=&#8221;14px&#8221; header_5_font_size_last_edited=&#8221;on|desktop&#8221; header_6_font_size_tablet=&#8221;13px&#8221; header_6_font_size_phone=&#8221;13px&#8221; header_6_font_size_last_edited=&#8221;on|desktop&#8221; global_colors_info=&#8221;{}&#8221;]<\/p>\n<p><strong><span class=\"il\">Joonas<\/span> <span class=\"il\">Haavisto<\/span> Trio<\/strong> firar sitt 20-\u00e5rsjubileum i \u00e5r. Milstolpskonserterna kommer att inneh\u00e5lla en omfattande \u00f6versikt \u00f6ver bandets produktion: kompositioner fr\u00e5n <span class=\"il\">Joonas<\/span> Haavistos fem album, fr\u00e5n hans debutalbum <em>Blue Waters<\/em> till idag. <\/p>\n<p>Trion best\u00e5r av pianisten <strong><span class=\"il\">Joonas<\/span> <span class=\"il\">Haavisto<\/span><\/strong>, basisten <strong>Antti L\u00f6tj\u00f6nen<\/strong> och trumslagaren <strong><span class=\"il\">Joonas<\/span> Riippa<\/strong>. Bandet har etablerat sig i framkanten av finsk jazz under 2000-talet, med ett distinkt sound som bygger p\u00e5 starkt ensemblespel och subtilt samspel. <\/p>\n<p>Trions repertoar bygger huvudsakligen p\u00e5 Haavistos kompositioner, som balanserar vackra melodier, l\u00e5nga dynamiska b\u00e5gar och friare avsnitt. Influenserna kommer fr\u00e5n jazztraditionen, klassisk musik och hiphop. Den traditionella jazztrioformen kombineras med ett originellt f\u00f6rh\u00e5llningss\u00e4tt, ett opretenti\u00f6st uttryck och den skandinaviska jazzens fr\u00e4sch\u00f6r.  <\/p>\n<p>Bandet har upptr\u00e4tt p\u00e5 internationellt k\u00e4nda st\u00e4llen som <span>Blue Note Jazz Club<\/span>i New York, <span>DC Jazz Festival<\/span>, Jazzahead, <span>Rochester International Jazz Festival<\/span>och <span>Pori J<\/span>azze. Trion har sl\u00e4ppt fyra album och har blivit s\u00e4rskilt popul\u00e4ra i Japan, d\u00e4r de har turnerat och upptr\u00e4tt p\u00e5 den legendariska Tokyo Jazz Festival. Trion har ocks\u00e5 framtr\u00e4tt som solister med n\u00e5gra av landets fr\u00e4msta orkestrar, bl.a. <span>Lapplands kammarorkester<\/span>och <span>Mellersta \u00d6sterbottens k<\/span>ammarorkester.   <\/p>\n<p>Pianisten och komposit\u00f6ren <span class=\"il\">Joonas<\/span> <span class=\"il\">Haavisto<\/span> \u00e4r en av de mest intressanta nordiska jazzpianisterna. Han har framtr\u00e4tt p\u00e5 stora festivaler och klubbar runt om i v\u00e4rlden och 2017 tilldelades han den prestigefyllda Steinway Artist-titeln som den f\u00f6rsta finska jazzpianisten. <\/p>\n<p><span class=\"il\">&#8221;Joonas<\/span> <span class=\"il\">Haavisto<\/span> \u00e4r en av de mest beg\u00e5vade pianisterna i sin generation.&#8221; &#8211; <em>Der Spiegel<\/em><br \/>&#8221;Trio i v\u00e4rldsklass fr\u00e5n Europa.&#8221; &#8211; <em>Jazz Perspective<\/em><br \/>&#8221;Ett album med en nordisk pianotrio i toppklass.&#8221; &#8211; <em>Jazz Critiques Magazine<\/em><br \/><span class=\"il\">&#8221;Joonas<\/span> <span class=\"il\">Haavisto<\/span> \u00e4r en fantastisk pianist. Varje melodi l\u00e5ter utm\u00e4rkt!&#8221; &#8211; <em>Jazz Japan<\/em><\/p>\n<p>[\/et_pb_text][\/et_pb_column][\/et_pb_row][et_pb_row column_structure=&#8221;1_4,1_4,1_4,1_4&#8243; _builder_version=&#8221;4.27.4&#8243; _module_preset=&#8221;5138c454-be54-4233-bd3b-f8e6a8747976&#8243; global_colors_info=&#8221;{}&#8221;][et_pb_column type=&#8221;1_4&#8243; _builder_version=&#8221;4.18.0&#8243; _module_preset=&#8221;73121f80-a3ef-4484-8763-c3f18e3c56d2&#8243; global_colors_info=&#8221;{}&#8221;][et_pb_blurb title=&#8221;Facebook&#8221; url=&#8221;https:\/\/www.facebook.com\/JoonasHaavistoTrio&#8221; use_icon=&#8221;on&#8221; font_icon=&#8221;&#xf39e;||fa||400&#8243; icon_color=&#8221;gcid-heading-color&#8221; icon_placement=&#8221;left&#8221; image_icon_width=&#8221;24px&#8221; content_max_width=&#8221;100%&#8221; module_class=&#8221;ai_ignore_all&#8221; _builder_version=&#8221;4.27.4&#8243; _module_preset=&#8221;1ea53d41-9439-472c-8d8b-7bddb3bf9444&#8243; header_font=&#8221;Optional Heavy|Optional Heavy_weight|||||||&#8221; header_text_color=&#8221;gcid-heading-color&#8221; header_font_size=&#8221;14px&#8221; header_line_height=&#8221;1.5em&#8221; body_font=&#8221;Poppins|Poppins_weight|||||||&#8221; body_text_color=&#8221;#3c3a47&#8243; body_font_size=&#8221;14px&#8221; body_line_height=&#8221;1.75em&#8221; body_link_text_color=&#8221;#22577a&#8221; animation=&#8221;off&#8221; link_option_url=&#8221;https:\/\/www.facebook.com\/JoonasHaavistoTrio&#8221; header_font_size_tablet=&#8221;13px&#8221; header_font_size_phone=&#8221;13px&#8221; header_font_size_last_edited=&#8221;off|desktop&#8221; body_font_size_tablet=&#8221;15px&#8221; body_font_size_phone=&#8221;14px&#8221; body_font_size_last_edited=&#8221;off|desktop&#8221; border_radii_image=&#8221;on|6px|6px|6px|6px&#8221; global_colors_info=&#8221;{%22gcid-heading-color%22:%91%22header_text_color%22,%22icon_color%22%93}&#8221;][\/et_pb_blurb][\/et_pb_column][et_pb_column type=&#8221;1_4&#8243; _builder_version=&#8221;4.18.0&#8243; _module_preset=&#8221;73121f80-a3ef-4484-8763-c3f18e3c56d2&#8243; global_colors_info=&#8221;{}&#8221;][et_pb_blurb title=&#8221;Instagram&#8221; url=&#8221;https:\/\/www.instagram.com\/joonashaavisto\/&#8221; use_icon=&#8221;on&#8221; font_icon=&#8221;&#xf16d;||fa||400&#8243; icon_color=&#8221;gcid-heading-color&#8221; icon_placement=&#8221;left&#8221; image_icon_width=&#8221;24px&#8221; content_max_width=&#8221;100%&#8221; module_class=&#8221;ai_ignore_all&#8221; _builder_version=&#8221;4.27.4&#8243; _module_preset=&#8221;1ea53d41-9439-472c-8d8b-7bddb3bf9444&#8243; header_font=&#8221;Optional Heavy|Optional Heavy_weight|||||||&#8221; header_text_color=&#8221;gcid-heading-color&#8221; header_font_size=&#8221;14px&#8221; header_line_height=&#8221;1.5em&#8221; body_font=&#8221;Poppins|Poppins_weight|||||||&#8221; body_text_color=&#8221;#3c3a47&#8243; body_font_size=&#8221;14px&#8221; body_line_height=&#8221;1.75em&#8221; body_link_text_color=&#8221;#22577a&#8221; animation=&#8221;off&#8221; link_option_url=&#8221;https:\/\/www.instagram.com\/joonashaavisto\/&#8221; header_font_size_tablet=&#8221;13px&#8221; header_font_size_phone=&#8221;13px&#8221; header_font_size_last_edited=&#8221;off|desktop&#8221; body_font_size_tablet=&#8221;15px&#8221; body_font_size_phone=&#8221;14px&#8221; body_font_size_last_edited=&#8221;off|desktop&#8221; border_radii_image=&#8221;on|6px|6px|6px|6px&#8221; locked=&#8221;off&#8221; global_colors_info=&#8221;{%22gcid-heading-color%22:%91%22icon_color%22,%22header_text_color%22%93}&#8221;][\/et_pb_blurb][\/et_pb_column][et_pb_column type=&#8221;1_4&#8243; _builder_version=&#8221;4.18.0&#8243; _module_preset=&#8221;73121f80-a3ef-4484-8763-c3f18e3c56d2&#8243; global_colors_info=&#8221;{}&#8221;][et_pb_blurb title=&#8221;Spotify&#8221; url=&#8221;https:\/\/open.spotify.com\/artist\/1t2lqc2h706wnrSIGChpK7?si=1MkoPtGUTj-ayVwJe09TVw&#8221; use_icon=&#8221;on&#8221; font_icon=&#8221;&#xe0bf;||divi||400&#8243; icon_color=&#8221;gcid-heading-color&#8221; icon_placement=&#8221;left&#8221; image_icon_width=&#8221;24px&#8221; content_max_width=&#8221;100%&#8221; module_class=&#8221;ai_ignore_all&#8221; _builder_version=&#8221;4.27.4&#8243; _module_preset=&#8221;1ea53d41-9439-472c-8d8b-7bddb3bf9444&#8243; header_font=&#8221;Optional Heavy|Optional Heavy_weight|||||||&#8221; header_text_color=&#8221;gcid-heading-color&#8221; header_font_size=&#8221;14px&#8221; header_line_height=&#8221;1.5em&#8221; body_font=&#8221;Poppins|Poppins_weight|||||||&#8221; body_text_color=&#8221;gcid-heading-color&#8221; body_font_size=&#8221;14px&#8221; body_line_height=&#8221;1.75em&#8221; body_link_text_color=&#8221;#22577a&#8221; animation=&#8221;off&#8221; link_option_url=&#8221;https:\/\/open.spotify.com\/artist\/1t2lqc2h706wnrSIGChpK7?si=1MkoPtGUTj-ayVwJe09TVw&#8221; header_font_size_tablet=&#8221;13px&#8221; header_font_size_phone=&#8221;13px&#8221; header_font_size_last_edited=&#8221;off|desktop&#8221; body_font_size_tablet=&#8221;15px&#8221; body_font_size_phone=&#8221;14px&#8221; body_font_size_last_edited=&#8221;off|desktop&#8221; border_radii_image=&#8221;on|6px|6px|6px|6px&#8221; locked=&#8221;off&#8221; global_colors_info=&#8221;{%22gcid-heading-color%22:%91%22icon_color%22,%22body_text_color%22,%22header_text_color%22%93}&#8221;][\/et_pb_blurb][\/et_pb_column][et_pb_column type=&#8221;1_4&#8243; _builder_version=&#8221;4.18.0&#8243; _module_preset=&#8221;73121f80-a3ef-4484-8763-c3f18e3c56d2&#8243; global_colors_info=&#8221;{}&#8221;][et_pb_blurb title=&#8221;Youtube&#8221; url=&#8221;https:\/\/www.youtube.com\/watch?v=b7eTgUA6XR4&#8243; use_icon=&#8221;on&#8221; font_icon=&#8221;&#xe0a3;||divi||400&#8243; icon_color=&#8221;gcid-heading-color&#8221; icon_placement=&#8221;left&#8221; image_icon_width=&#8221;24px&#8221; content_max_width=&#8221;100%&#8221; module_class=&#8221;ai_ignore_all&#8221; _builder_version=&#8221;4.27.4&#8243; _module_preset=&#8221;1ea53d41-9439-472c-8d8b-7bddb3bf9444&#8243; header_font=&#8221;Optional Heavy|Optional Heavy_weight|||||||&#8221; header_text_color=&#8221;gcid-heading-color&#8221; header_font_size=&#8221;14px&#8221; header_line_height=&#8221;1.5em&#8221; body_font=&#8221;Poppins|Poppins_weight|||||||&#8221; body_text_color=&#8221;gcid-heading-color&#8221; body_font_size=&#8221;14px&#8221; body_line_height=&#8221;1.75em&#8221; body_link_text_color=&#8221;#22577a&#8221; animation=&#8221;off&#8221; link_option_url=&#8221;https:\/\/www.youtube.com\/watch?v=b7eTgUA6XR4&#8243; header_font_size_tablet=&#8221;13px&#8221; header_font_size_phone=&#8221;13px&#8221; header_font_size_last_edited=&#8221;off|desktop&#8221; body_font_size_tablet=&#8221;15px&#8221; body_font_size_phone=&#8221;14px&#8221; body_font_size_last_edited=&#8221;off|desktop&#8221; border_radii_image=&#8221;on|6px|6px|6px|6px&#8221; locked=&#8221;off&#8221; global_colors_info=&#8221;{%22gcid-heading-color%22:%91%22body_text_color%22,%22header_text_color%22,%22icon_color%22%93}&#8221;][\/et_pb_blurb][\/et_pb_column][\/et_pb_row][\/et_pb_section]<\/p>\n","protected":false},"excerpt":{"rendered":"<p>Joonas Haavisto Trio \u00e4r en av de viktigaste ensemblerna inom finsk samtida jazz och har uppn\u00e5tt stor internationell synlighet. Trion, som har varit verksam sedan 2006, \u00e4r k\u00e4nd f\u00f6r sitt tydliga nordiska uttryck, melodiska kraft och rika och nyanserade rytmik. Biljetter i f\u00f6rk\u00f6p 17\/ 15 \u20ac, vid d\u00f6rren 20 \u20ac, Jazz\u00e4lskare-biljett 25 \u20acFoto av Jari [&hellip;]<\/p>\n","protected":false},"author":7,"featured_media":0,"parent":0,"menu_order":0,"comment_status":"closed","ping_status":"closed","template":"","meta":{"_acf_changed":false,"_et_pb_use_builder":"on","_et_pb_old_content":"","_et_gb_content_width":"","footnotes":""},"class_list":["post-13345","page","type-page","status-publish","hentry"],"acf":[],"yoast_head":"<!-- This site is optimized with the Yoast SEO plugin v27.4 - https:\/\/yoast.com\/product\/yoast-seo-wordpress\/ -->\n<title>Joonas haavisto trio - Porvoo Jazz Festival<\/title>\n<meta name=\"robots\" content=\"index, follow, max-snippet:-1, max-image-preview:large, max-video-preview:-1\" \/>\n<link rel=\"canonical\" href=\"https:\/\/porvoojazzfestival.com\/sv\/joonas-haavisto-trio-2\/\" \/>\n<meta property=\"og:locale\" content=\"sv_SE\" \/>\n<meta property=\"og:type\" content=\"article\" \/>\n<meta property=\"og:title\" content=\"Joonas haavisto trio - Porvoo Jazz Festival\" \/>\n<meta property=\"og:description\" content=\"Joonas Haavisto Trio \u00e4r en av de viktigaste ensemblerna inom finsk samtida jazz och har uppn\u00e5tt stor internationell synlighet. Trion, som har varit verksam sedan 2006, \u00e4r k\u00e4nd f\u00f6r sitt tydliga nordiska uttryck, melodiska kraft och rika och nyanserade rytmik. Biljetter i f\u00f6rk\u00f6p 17\/ 15 \u20ac, vid d\u00f6rren 20 \u20ac, Jazz\u00e4lskare-biljett 25 \u20acFoto av Jari [&hellip;]\" \/>\n<meta property=\"og:url\" content=\"https:\/\/porvoojazzfestival.com\/sv\/joonas-haavisto-trio-2\/\" \/>\n<meta property=\"og:site_name\" content=\"Porvoo Jazz Festival\" \/>\n<meta property=\"article:publisher\" content=\"https:\/\/www.facebook.com\/PorvooJazzFestival\/\" \/>\n<meta property=\"og:image\" content=\"https:\/\/porvoojazzfestival.com\/wp-content\/uploads\/2025\/04\/PorvooJazzFest.jpg\" \/>\n\t<meta property=\"og:image:width\" content=\"1280\" \/>\n\t<meta property=\"og:image:height\" content=\"670\" \/>\n\t<meta property=\"og:image:type\" content=\"image\/jpeg\" \/>\n<meta name=\"twitter:card\" content=\"summary_large_image\" \/>\n<meta name=\"twitter:site\" content=\"@porvoojazzfest\" \/>\n<meta name=\"twitter:label1\" content=\"Ber\u00e4knad l\u00e4stid\" \/>\n\t<meta name=\"twitter:data1\" content=\"12 minuter\" \/>\n<script type=\"application\/ld+json\" class=\"yoast-schema-graph\">{\"@context\":\"https:\\\/\\\/schema.org\",\"@graph\":[{\"@type\":\"WebPage\",\"@id\":\"https:\\\/\\\/porvoojazzfestival.com\\\/sv\\\/joonas-haavisto-trio-2\\\/\",\"url\":\"https:\\\/\\\/porvoojazzfestival.com\\\/sv\\\/joonas-haavisto-trio-2\\\/\",\"name\":\"Joonas haavisto trio - Porvoo Jazz Festival\",\"isPartOf\":{\"@id\":\"https:\\\/\\\/porvoojazzfestival.com\\\/sv\\\/#website\"},\"datePublished\":\"2026-04-09T10:54:21+00:00\",\"breadcrumb\":{\"@id\":\"https:\\\/\\\/porvoojazzfestival.com\\\/sv\\\/joonas-haavisto-trio-2\\\/#breadcrumb\"},\"inLanguage\":\"sv-SE\",\"potentialAction\":[{\"@type\":\"ReadAction\",\"target\":[\"https:\\\/\\\/porvoojazzfestival.com\\\/sv\\\/joonas-haavisto-trio-2\\\/\"]}]},{\"@type\":\"BreadcrumbList\",\"@id\":\"https:\\\/\\\/porvoojazzfestival.com\\\/sv\\\/joonas-haavisto-trio-2\\\/#breadcrumb\",\"itemListElement\":[{\"@type\":\"ListItem\",\"position\":1,\"name\":\"Home\",\"item\":\"https:\\\/\\\/porvoojazzfestival.com\\\/sv\\\/\"},{\"@type\":\"ListItem\",\"position\":2,\"name\":\"Joonas haavisto trio\"}]},{\"@type\":\"WebSite\",\"@id\":\"https:\\\/\\\/porvoojazzfestival.com\\\/sv\\\/#website\",\"url\":\"https:\\\/\\\/porvoojazzfestival.com\\\/sv\\\/\",\"name\":\"Porvoo Jazz Festival\",\"description\":\"The Cosy Jazz Fest\",\"publisher\":{\"@id\":\"https:\\\/\\\/porvoojazzfestival.com\\\/sv\\\/#organization\"},\"potentialAction\":[{\"@type\":\"SearchAction\",\"target\":{\"@type\":\"EntryPoint\",\"urlTemplate\":\"https:\\\/\\\/porvoojazzfestival.com\\\/sv\\\/?s={search_term_string}\"},\"query-input\":{\"@type\":\"PropertyValueSpecification\",\"valueRequired\":true,\"valueName\":\"search_term_string\"}}],\"inLanguage\":\"sv-SE\"},{\"@type\":\"Organization\",\"@id\":\"https:\\\/\\\/porvoojazzfestival.com\\\/sv\\\/#organization\",\"name\":\"Porvoo Jazz Festival\",\"url\":\"https:\\\/\\\/porvoojazzfestival.com\\\/sv\\\/\",\"logo\":{\"@type\":\"ImageObject\",\"inLanguage\":\"sv-SE\",\"@id\":\"https:\\\/\\\/porvoojazzfestival.com\\\/sv\\\/#\\\/schema\\\/logo\\\/image\\\/\",\"url\":\"https:\\\/\\\/porvoojazzfestival.com\\\/wp-content\\\/uploads\\\/2025\\\/01\\\/cropped-Porvoo-Jazz-Festival-Favicon.png\",\"contentUrl\":\"https:\\\/\\\/porvoojazzfestival.com\\\/wp-content\\\/uploads\\\/2025\\\/01\\\/cropped-Porvoo-Jazz-Festival-Favicon.png\",\"width\":512,\"height\":512,\"caption\":\"Porvoo Jazz Festival\"},\"image\":{\"@id\":\"https:\\\/\\\/porvoojazzfestival.com\\\/sv\\\/#\\\/schema\\\/logo\\\/image\\\/\"},\"sameAs\":[\"https:\\\/\\\/www.facebook.com\\\/PorvooJazzFestival\\\/\",\"https:\\\/\\\/x.com\\\/porvoojazzfest\"]}]}<\/script>\n<!-- \/ Yoast SEO plugin. -->","yoast_head_json":{"title":"Joonas haavisto trio - Porvoo Jazz Festival","robots":{"index":"index","follow":"follow","max-snippet":"max-snippet:-1","max-image-preview":"max-image-preview:large","max-video-preview":"max-video-preview:-1"},"canonical":"https:\/\/porvoojazzfestival.com\/sv\/joonas-haavisto-trio-2\/","og_locale":"sv_SE","og_type":"article","og_title":"Joonas haavisto trio - Porvoo Jazz Festival","og_description":"Joonas Haavisto Trio \u00e4r en av de viktigaste ensemblerna inom finsk samtida jazz och har uppn\u00e5tt stor internationell synlighet. Trion, som har varit verksam sedan 2006, \u00e4r k\u00e4nd f\u00f6r sitt tydliga nordiska uttryck, melodiska kraft och rika och nyanserade rytmik. Biljetter i f\u00f6rk\u00f6p 17\/ 15 \u20ac, vid d\u00f6rren 20 \u20ac, Jazz\u00e4lskare-biljett 25 \u20acFoto av Jari [&hellip;]","og_url":"https:\/\/porvoojazzfestival.com\/sv\/joonas-haavisto-trio-2\/","og_site_name":"Porvoo Jazz Festival","article_publisher":"https:\/\/www.facebook.com\/PorvooJazzFestival\/","og_image":[{"width":1280,"height":670,"url":"https:\/\/porvoojazzfestival.com\/wp-content\/uploads\/2025\/04\/PorvooJazzFest.jpg","type":"image\/jpeg"}],"twitter_card":"summary_large_image","twitter_site":"@porvoojazzfest","twitter_misc":{"Ber\u00e4knad l\u00e4stid":"12 minuter"},"schema":{"@context":"https:\/\/schema.org","@graph":[{"@type":"WebPage","@id":"https:\/\/porvoojazzfestival.com\/sv\/joonas-haavisto-trio-2\/","url":"https:\/\/porvoojazzfestival.com\/sv\/joonas-haavisto-trio-2\/","name":"Joonas haavisto trio - Porvoo Jazz Festival","isPartOf":{"@id":"https:\/\/porvoojazzfestival.com\/sv\/#website"},"datePublished":"2026-04-09T10:54:21+00:00","breadcrumb":{"@id":"https:\/\/porvoojazzfestival.com\/sv\/joonas-haavisto-trio-2\/#breadcrumb"},"inLanguage":"sv-SE","potentialAction":[{"@type":"ReadAction","target":["https:\/\/porvoojazzfestival.com\/sv\/joonas-haavisto-trio-2\/"]}]},{"@type":"BreadcrumbList","@id":"https:\/\/porvoojazzfestival.com\/sv\/joonas-haavisto-trio-2\/#breadcrumb","itemListElement":[{"@type":"ListItem","position":1,"name":"Home","item":"https:\/\/porvoojazzfestival.com\/sv\/"},{"@type":"ListItem","position":2,"name":"Joonas haavisto trio"}]},{"@type":"WebSite","@id":"https:\/\/porvoojazzfestival.com\/sv\/#website","url":"https:\/\/porvoojazzfestival.com\/sv\/","name":"Porvoo Jazz Festival","description":"The Cosy Jazz Fest","publisher":{"@id":"https:\/\/porvoojazzfestival.com\/sv\/#organization"},"potentialAction":[{"@type":"SearchAction","target":{"@type":"EntryPoint","urlTemplate":"https:\/\/porvoojazzfestival.com\/sv\/?s={search_term_string}"},"query-input":{"@type":"PropertyValueSpecification","valueRequired":true,"valueName":"search_term_string"}}],"inLanguage":"sv-SE"},{"@type":"Organization","@id":"https:\/\/porvoojazzfestival.com\/sv\/#organization","name":"Porvoo Jazz Festival","url":"https:\/\/porvoojazzfestival.com\/sv\/","logo":{"@type":"ImageObject","inLanguage":"sv-SE","@id":"https:\/\/porvoojazzfestival.com\/sv\/#\/schema\/logo\/image\/","url":"https:\/\/porvoojazzfestival.com\/wp-content\/uploads\/2025\/01\/cropped-Porvoo-Jazz-Festival-Favicon.png","contentUrl":"https:\/\/porvoojazzfestival.com\/wp-content\/uploads\/2025\/01\/cropped-Porvoo-Jazz-Festival-Favicon.png","width":512,"height":512,"caption":"Porvoo Jazz Festival"},"image":{"@id":"https:\/\/porvoojazzfestival.com\/sv\/#\/schema\/logo\/image\/"},"sameAs":["https:\/\/www.facebook.com\/PorvooJazzFestival\/","https:\/\/x.com\/porvoojazzfest"]}]}},"_links":{"self":[{"href":"https:\/\/porvoojazzfestival.com\/sv\/wp-json\/wp\/v2\/pages\/13345","targetHints":{"allow":["GET"]}}],"collection":[{"href":"https:\/\/porvoojazzfestival.com\/sv\/wp-json\/wp\/v2\/pages"}],"about":[{"href":"https:\/\/porvoojazzfestival.com\/sv\/wp-json\/wp\/v2\/types\/page"}],"author":[{"embeddable":true,"href":"https:\/\/porvoojazzfestival.com\/sv\/wp-json\/wp\/v2\/users\/7"}],"replies":[{"embeddable":true,"href":"https:\/\/porvoojazzfestival.com\/sv\/wp-json\/wp\/v2\/comments?post=13345"}],"version-history":[{"count":2,"href":"https:\/\/porvoojazzfestival.com\/sv\/wp-json\/wp\/v2\/pages\/13345\/revisions"}],"predecessor-version":[{"id":13347,"href":"https:\/\/porvoojazzfestival.com\/sv\/wp-json\/wp\/v2\/pages\/13345\/revisions\/13347"}],"wp:attachment":[{"href":"https:\/\/porvoojazzfestival.com\/sv\/wp-json\/wp\/v2\/media?parent=13345"}],"curies":[{"name":"wp","href":"https:\/\/api.w.org\/{rel}","templated":true}]}}