{"id":10275,"date":"2024-06-20T15:22:13","date_gmt":"2024-06-20T12:22:13","guid":{"rendered":"https:\/\/porvoojazzfestival.com\/evenemangsplatser-24\/"},"modified":"2024-11-14T11:31:47","modified_gmt":"2024-11-14T09:31:47","slug":"evenemangsplatser-24","status":"publish","type":"page","link":"https:\/\/porvoojazzfestival.com\/sv\/evenemangsplatser-24\/","title":{"rendered":"Evenemangsplatser 24"},"content":{"rendered":"<p>[et_pb_section fb_built=&#8221;1&#8243; _builder_version=&#8221;4.17.4&#8243; _module_preset=&#8221;default&#8221; custom_padding=&#8221;50px||6px|||&#8221; da_disable_devices=&#8221;off|off|off&#8221; global_colors_info=&#8221;{}&#8221; da_is_popup=&#8221;off&#8221; da_exit_intent=&#8221;off&#8221; da_has_close=&#8221;on&#8221; da_alt_close=&#8221;off&#8221; da_dark_close=&#8221;off&#8221; da_not_modal=&#8221;on&#8221; da_is_singular=&#8221;off&#8221; da_with_loader=&#8221;off&#8221; da_has_shadow=&#8221;on&#8221;][et_pb_row _builder_version=&#8221;4.17.4&#8243; _module_preset=&#8221;default&#8221; hover_enabled=&#8221;0&#8243; global_colors_info=&#8221;{}&#8221; sticky_enabled=&#8221;0&#8243;][et_pb_column type=&#8221;4_4&#8243; _builder_version=&#8221;4.17.4&#8243; _module_preset=&#8221;default&#8221; global_colors_info=&#8221;{}&#8221;][et_pb_text admin_label=&#8221;Teksti&#8221; _builder_version=&#8221;4.27.3&#8243; header_font=&#8221;||||||||&#8221; header_text_color=&#8221;#000000&#8243; header_2_font=&#8221;Optional Light|600|||||||&#8221; header_2_text_align=&#8221;center&#8221; header_2_text_color=&#8221;#000000&#8243; header_2_font_size=&#8221;50px&#8221; header_2_line_height=&#8221;1.2em&#8221; hover_enabled=&#8221;0&#8243; header_2_font_size_tablet=&#8221;50px&#8221; header_2_font_size_phone=&#8221;30px&#8221; header_2_font_size_last_edited=&#8221;on|phone&#8221; global_colors_info=&#8221;{}&#8221; sticky_enabled=&#8221;0&#8243;]<\/p>\n<h2>Evenemangsplatser &amp; tillg\u00e4nglighet<\/h2>\n<p>[\/et_pb_text][\/et_pb_column][\/et_pb_row][\/et_pb_section][et_pb_section fb_built=&#8221;1&#8243; _builder_version=&#8221;4.17.4&#8243; _module_preset=&#8221;default&#8221; width=&#8221;100%&#8221; module_alignment=&#8221;center&#8221; custom_padding=&#8221;||170px|||&#8221; da_disable_devices=&#8221;off|off|off&#8221; global_colors_info=&#8221;{}&#8221; da_is_popup=&#8221;off&#8221; da_exit_intent=&#8221;off&#8221; da_has_close=&#8221;on&#8221; da_alt_close=&#8221;off&#8221; da_dark_close=&#8221;off&#8221; da_not_modal=&#8221;on&#8221; da_is_singular=&#8221;off&#8221; da_with_loader=&#8221;off&#8221; da_has_shadow=&#8221;on&#8221;][et_pb_row _builder_version=&#8221;4.19.4&#8243; _module_preset=&#8221;default&#8221; background_color=&#8221;#FFFFFF&#8221; module_alignment=&#8221;center&#8221; global_colors_info=&#8221;{}&#8221;][et_pb_column type=&#8221;4_4&#8243; _builder_version=&#8221;4.19.4&#8243; _module_preset=&#8221;default&#8221; background_color=&#8221;#F6F2EC&#8221; custom_padding=&#8221;18px|0px|18px|19px|true|false&#8221; box_shadow_style=&#8221;preset2&#8243; box_shadow_horizontal=&#8221;-60px&#8221; box_shadow_vertical=&#8221;-46px&#8221; box_shadow_blur=&#8221;0px&#8221; box_shadow_spread=&#8221;-29px&#8221; box_shadow_color=&#8221;#96C2C6&#8243; box_shadow_horizontal_tablet=&#8221;&#8221; box_shadow_horizontal_phone=&#8221;-45px&#8221; box_shadow_horizontal_last_edited=&#8221;on|tablet&#8221; box_shadow_vertical_tablet=&#8221;-55px&#8221; box_shadow_vertical_phone=&#8221;&#8221; box_shadow_vertical_last_edited=&#8221;on|tablet&#8221; global_colors_info=&#8221;{}&#8221;][et_pb_text _builder_version=&#8221;4.17.4&#8243; header_font=&#8221;||||||||&#8221; header_font_size=&#8221;34px&#8221; header_3_font=&#8221;Open Sans|600|||||||&#8221; header_3_font_size=&#8221;36px&#8221; header_3_line_height=&#8221;1.6em&#8221; header_4_font=&#8221;Optional Med||||||||&#8221; header_4_text_color=&#8221;#000000&#8243; custom_margin=&#8221;8px||6px||false|false&#8221; locked=&#8221;off&#8221; global_colors_info=&#8221;{}&#8221; text_text_color__hover=&#8221;#60A7B1&#8243; text_text_color__hover_enabled=&#8221;on|desktop&#8221; link_text_color__hover=&#8221;#952619&#8243; link_text_color__hover_enabled=&#8221;on|desktop&#8221; header_3_text_color__hover=&#8221;#952619&#8243; header_3_text_color__hover_enabled=&#8221;on|desktop&#8221;]<\/p>\n<h4>Brunnsgatan 37 B, Borg\u00e5<\/h4>\n<p>[\/et_pb_text][et_pb_text _builder_version=&#8221;4.27.2&#8243; text_text_color=&#8221;#0A334C&#8221; text_font_size=&#8221;18px&#8221; text_line_height=&#8221;1.6em&#8221; header_font=&#8221;||||||||&#8221; header_text_color=&#8221;#A5B9E6&#8243; header_font_size=&#8221;34px&#8221; header_3_font=&#8221;Optional Med|600|||||||&#8221; header_3_text_color=&#8221;#C21B56&#8243; header_3_font_size=&#8221;36px&#8221; header_3_line_height=&#8221;1.2em&#8221; custom_margin=&#8221;8px||||false|false&#8221; locked=&#8221;off&#8221; global_colors_info=&#8221;{}&#8221; header_3_text_color__hover_enabled=&#8221;on|desktop&#8221; header_3_text_color__hover=&#8221;#952619&#8243; text_text_color__hover_enabled=&#8221;on|hover&#8221; link_text_color__hover=&#8221;#B8331F&#8221; link_text_color__hover_enabled=&#8221;off|desktop&#8221; text_text_color__hover=&#8221;#000000&#8243;]<\/p>\n<h3>VANHA 123<\/h3>\n<p><span style=\"color: #0a334c;\">Innanf\u00f6r WSOY-husets bastanta stenv\u00e4ggar, i den tidigare biograflokalen, sl\u00e5r festivalens kulturhj\u00e4rta. Vanha 123 med sina tre stycken hundra personers salonger \u00e4r en m\u00f6tesplats f\u00f6r ett m\u00e5ngsidigt kulturutbud, med hemtrevliga och l\u00e4ckra Aatos Caf\u00e9 i foajen. Under festivalen \u00e4r hela lokalen utsk\u00e4nkningsomr\u00e5de och f\u00f6ljaktligen \u00e4r tillst\u00e4llningarna K-18. F\u00f6r f\u00f6rsta g\u00e5ngen samarbetar Borg\u00e5 Jazzfestival med Genelec, en k\u00e4nd akt\u00f6r inom ljudbranschen. Konsertsalarna i Vanha 123 kommer att utrustas med h\u00f6gkvalitativ Genelec-ljud\u00e5tergivning och kommer d\u00e4rmed ocks\u00e5 att f\u00e5 sina v\u00e4rdiga namn Genelec Lab 1 &amp; 2 under festivalens varaktighet.  Utrymmet \u00e4r tillg\u00e4ngligt <span style=\"font-weight: 400;\">infartstr\u00f6sklar har tagits bort genom att bygga en ramp som uppfyller tillg\u00e4nglighetskraven. I kulturrummet finns \u00e4ven en barri\u00e4rfri WC p\u00e5 samma plan. Om du har n\u00e5gra fr\u00e5gor om utrymmets tillg\u00e4nglighet, v\u00e4nligen kontakta: info@porvoojazzfestival.com.  <\/span><\/span><\/p>\n<p><span style=\"font-weight: 400; color: #;\">P\u00e5 Borg\u00e5 Jazzfestival serveras publiken p\u00e5 Vanha 123 en hel upplevelse med en biljett. N\u00e4r d\u00f6rrarna \u00f6ppnas kan allm\u00e4nheten njuta av skivmusik med till exempel ett glas vin. Spelningarna startar samtidigt i sal 1 och 2. Efter en kort paus byter publiken plats och h\u00f6r kv\u00e4llens andra artist. <\/span><\/p>\n<p><span style=\"color: #;\">Under festivalen \u00e4r hela utrymmet ett serveringsomr\u00e5de, s\u00e5 evenemangen \u00e4r K-18.<\/span><\/p>\n<p>[\/et_pb_text][et_pb_button button_url=&#8221;https:\/\/vanha123.com&#8221; url_new_window=&#8221;on&#8221; button_text=&#8221;vanha 123&#8243; button_alignment=&#8221;left&#8221; disabled_on=&#8221;off|off|off&#8221; _builder_version=&#8221;4.19.4&#8243; custom_button=&#8221;on&#8221; button_text_size=&#8221;20px&#8221; button_bg_color=&#8221;#764E9A&#8221; button_border_width=&#8221;0px&#8221; button_border_radius=&#8221;0px&#8221; button_letter_spacing=&#8221;2px&#8221; button_font=&#8221;Optional Heavy|700||on|||||&#8221; button_use_icon=&#8221;off&#8221; custom_padding=&#8221;17px|26px|17px|26px|true|true&#8221; locked=&#8221;off&#8221; global_colors_info=&#8221;{}&#8221; button_bg_color__hover_enabled=&#8221;on|hover&#8221; button_bg_color_gradient_start__hover=&#8221;#ff5e23&#8243; button_bg_color__hover=&#8221;#B8331F&#8221; button_bg_color_gradient_stops__hover=&#8221;#ff5e23 0%|#f46aa0 100%&#8221; button_bg_enable_color__hover=&#8221;on&#8221;][\/et_pb_button][\/et_pb_column][\/et_pb_row][et_pb_row _builder_version=&#8221;4.19.4&#8243; _module_preset=&#8221;default&#8221; module_alignment=&#8221;center&#8221; global_colors_info=&#8221;{}&#8221;][et_pb_column type=&#8221;4_4&#8243; _builder_version=&#8221;4.19.4&#8243; _module_preset=&#8221;default&#8221; background_color=&#8221;#F7F7F1&#8243; custom_padding=&#8221;18px|0px|18px|19px|true|false&#8221; box_shadow_style=&#8221;preset2&#8243; box_shadow_horizontal=&#8221;-60px&#8221; box_shadow_vertical=&#8221;-46px&#8221; box_shadow_blur=&#8221;0px&#8221; box_shadow_spread=&#8221;-29px&#8221; box_shadow_color=&#8221;#96C2C6&#8243; box_shadow_horizontal_tablet=&#8221;&#8221; box_shadow_horizontal_phone=&#8221;-45px&#8221; box_shadow_horizontal_last_edited=&#8221;on|tablet&#8221; box_shadow_vertical_tablet=&#8221;-55px&#8221; box_shadow_vertical_phone=&#8221;&#8221; box_shadow_vertical_last_edited=&#8221;on|tablet&#8221; global_colors_info=&#8221;{}&#8221;][et_pb_text _builder_version=&#8221;4.19.4&#8243; header_font=&#8221;||||||||&#8221; header_font_size=&#8221;34px&#8221; header_3_font=&#8221;Open Sans|600|||||||&#8221; header_3_font_size=&#8221;36px&#8221; header_3_line_height=&#8221;1.6em&#8221; header_4_font=&#8221;Optional Med||||||||&#8221; header_4_text_color=&#8221;#000000&#8243; custom_margin=&#8221;8px||6px||false|false&#8221; locked=&#8221;off&#8221; global_colors_info=&#8221;{}&#8221; text_text_color__hover=&#8221;#60A7B1&#8243; text_text_color__hover_enabled=&#8221;on|desktop&#8221; link_text_color__hover=&#8221;#952619&#8243; link_text_color__hover_enabled=&#8221;on|desktop&#8221; header_3_text_color__hover=&#8221;#952619&#8243; header_3_text_color__hover_enabled=&#8221;on|desktop&#8221;]<\/p>\n<h4>Kaivokatu 37 , Porvoo<\/h4>\n<p>[\/et_pb_text][et_pb_text _builder_version=&#8221;4.19.4&#8243; text_text_color=&#8221;#313063&#8243; text_font_size=&#8221;18px&#8221; text_line_height=&#8221;1.6em&#8221; header_font=&#8221;||||||||&#8221; header_text_color=&#8221;#C21B56&#8243; header_font_size=&#8221;34px&#8221; header_3_font=&#8221;Optional Med|600|||||||&#8221; header_3_text_color=&#8221;#C21B56&#8243; header_3_font_size=&#8221;36px&#8221; header_3_line_height=&#8221;1.2em&#8221; custom_margin=&#8221;8px||||false|false&#8221; locked=&#8221;off&#8221; global_colors_info=&#8221;{}&#8221; header_3_text_color__hover_enabled=&#8221;on|desktop&#8221; header_3_text_color__hover=&#8221;#952619&#8243; text_text_color__hover_enabled=&#8221;on|hover&#8221; link_text_color__hover=&#8221;#B8331F&#8221; link_text_color__hover_enabled=&#8221;off|desktop&#8221; text_text_color__hover=&#8221;#000000&#8243;]<\/p>\n<h3>VANHA Pantteri<\/h3>\n<p><span style=\"font-weight: 400;\">Porvoo Jazz Festival rf tar i \u00e5r, trogen sina traditioner, i besittning en ny \u00f6vergiven plats. \u00c4ven denna g\u00e5ng hittar man overraskande n\u00e4ra till det sena kv\u00e4llsarrangemangets och barnkonsertens plats, precis bredvid Gamla 123, vid sidan av dess trappa! Under namnet Den R\u00f6da Pantern var n\u00f6jescentret, tidigare k\u00e4nt som s\u00e5dant fram till 2013, \u00e4ven en biljard- och barlokal med ett brett utbud av spelmaskiner. F\u00f6r att hedra sin f\u00f6reg\u00e5ngare namngavs festivalens pop-up plats som Gamla Pantern. Under de sena kv\u00e4llskonserterna \u00e4r hela lokalen serveringsomr\u00e5de, s\u00e5 evenemang som b\u00f6rjar efter kl. 22 \u00e4r f\u00f6r personer \u00f6ver 18 \u00e5r.     <\/span><\/p>\n<p><span style=\"font-weight: 400;\">Pantteri har \u00e4ven en egen t\u00e4ckt terrass med dryckesplats, d\u00e4r Hodarikeisars st\u00e5nd erbjuder hj\u00e4lp n\u00e4r du blir hungrig! <\/span><\/p>\n<p>[\/et_pb_text][et_pb_button button_url=&#8221;https:\/\/vanha123.com&#8221; url_new_window=&#8221;on&#8221; button_text=&#8221;vanha 123&#8243; button_alignment=&#8221;left&#8221; disabled_on=&#8221;off|off|off&#8221; _builder_version=&#8221;4.19.4&#8243; custom_button=&#8221;on&#8221; button_text_size=&#8221;20px&#8221; button_bg_color=&#8221;#764E9A&#8221; button_border_width=&#8221;0px&#8221; button_border_radius=&#8221;0px&#8221; button_letter_spacing=&#8221;2px&#8221; button_font=&#8221;Optional Heavy|700||on|||||&#8221; button_use_icon=&#8221;off&#8221; custom_padding=&#8221;17px|26px|17px|26px|true|true&#8221; locked=&#8221;off&#8221; global_colors_info=&#8221;{}&#8221; button_bg_color__hover_enabled=&#8221;on|hover&#8221; button_bg_color_gradient_start__hover=&#8221;#ff5e23&#8243; button_bg_color__hover=&#8221;#B8331F&#8221; button_bg_color_gradient_stops__hover=&#8221;#ff5e23 0%|#f46aa0 100%&#8221; button_bg_enable_color__hover=&#8221;on&#8221;][\/et_pb_button][\/et_pb_column][\/et_pb_row][et_pb_row _builder_version=&#8221;4.19.4&#8243; _module_preset=&#8221;default&#8221; background_color=&#8221;RGBA(255,255,255,0)&#8221; module_alignment=&#8221;center&#8221; global_colors_info=&#8221;{}&#8221;][et_pb_column type=&#8221;4_4&#8243; _builder_version=&#8221;4.19.4&#8243; _module_preset=&#8221;default&#8221; background_color=&#8221;#F7F7F1&#8243; custom_padding=&#8221;18px|0px|18px|19px|true|false&#8221; custom_padding_tablet=&#8221;&#8221; custom_padding_phone=&#8221;|19px|||true|false&#8221; custom_padding_last_edited=&#8221;on|phone&#8221; box_shadow_style=&#8221;preset4&#8243; box_shadow_horizontal=&#8221;20px&#8221; box_shadow_vertical=&#8221;23px&#8221; box_shadow_color=&#8221;#96C2C6&#8243; box_shadow_horizontal_tablet=&#8221;26px&#8221; box_shadow_horizontal_phone=&#8221;&#8221; box_shadow_horizontal_last_edited=&#8221;on|tablet&#8221; box_shadow_vertical_tablet=&#8221;-21px&#8221; box_shadow_vertical_phone=&#8221;&#8221; box_shadow_vertical_last_edited=&#8221;on|tablet&#8221; box_shadow_spread_tablet=&#8221;-1px&#8221; box_shadow_spread_phone=&#8221;&#8221; box_shadow_spread_last_edited=&#8221;on|tablet&#8221; global_colors_info=&#8221;{}&#8221;][et_pb_text _builder_version=&#8221;4.19.4&#8243; _dynamic_attributes=&#8221;link_option_url&#8221; header_font=&#8221;||||||||&#8221; header_font_size=&#8221;34px&#8221; header_3_font=&#8221;Open Sans|600|||||||&#8221; header_3_font_size=&#8221;36px&#8221; header_3_line_height=&#8221;1.6em&#8221; header_4_font=&#8221;Optional Med||||||||&#8221; header_4_text_color=&#8221;#000000&#8243; custom_margin=&#8221;8px||||false|false&#8221; link_option_url=&#8221;@ET-DC@eyJkeW5hbWljIjp0cnVlLCJjb250ZW50IjoicG9zdF9saW5rX3VybF9wYWdlIiwic2V0dGluZ3MiOnsicG9zdF9pZCI6IjQwOTkiLCJlbmFibGVfaHRtbCI6Im9mZiJ9fQ==@&#8221; locked=&#8221;off&#8221; global_colors_info=&#8221;{}&#8221;]<\/p>\n<h4><span style=\"font-weight: 400;\">V\u00c4STRA ALEXANDERSGATAN 1, 2. krs. BORG\u00c5<\/span><\/h4>\n<p>[\/et_pb_text][et_pb_text _builder_version=&#8221;4.27.2&#8243; text_text_color=&#8221;#000000&#8243; text_font_size=&#8221;18px&#8221; text_line_height=&#8221;1.6em&#8221; header_font=&#8221;||||||||&#8221; header_text_color=&#8221;#C21B56&#8243; header_font_size=&#8221;34px&#8221; header_3_font=&#8221;Optional Med|600|||||||&#8221; header_3_text_color=&#8221;#C21B56&#8243; header_3_font_size=&#8221;36px&#8221; header_3_line_height=&#8221;1.2em&#8221; custom_margin=&#8221;8px||||false|false&#8221; locked=&#8221;off&#8221; global_colors_info=&#8221;{}&#8221; header_3_text_color__hover_enabled=&#8221;on|desktop&#8221; header_3_text_color__hover=&#8221;#952619&#8243; text_text_color__hover_enabled=&#8221;on|hover&#8221; link_text_color__hover=&#8221;#952619&#8243; link_text_color__hover_enabled=&#8221;on|desktop&#8221; text_text_color__hover=&#8221;#000000&#8243;]<\/p>\n<h3>Borg\u00e5 Konsthall<\/h3>\n<p><span style=\"font-weight: 400;\">Konsthallen i Borg\u00e5 \u00e4r bel\u00e4gen i konstfabriken. H\u00e4r arrangeras till exempel m\u00e5natligen roterande ensam- och grupputst\u00e4llningar med modern konst. Under Porvoo Jazz Festival f\u00e5r vi njuta av Yrj\u00f6 A. J\u00e4nttis konstsamling och <span>Voi Veljet: Antti &amp; Jukka Korkeila ja Paavo, Matti &amp; Tarmo Paunu<\/span> utst\u00e4llning. I Konsthallen finns dessutom artoteket Konsta och en f\u00f6rs\u00e4ljningspunkt f\u00f6r shop-, konst- och designprodukter.    Borg\u00e5 Konstfabrik och Konsthall \u00e4r ett tillg\u00e4ngligt kulturrum.<\/span><\/p>\n<p>[\/et_pb_text][et_pb_button button_url=&#8221;https:\/\/www.taidetehdas.fi\/porvoon-taidehalli\/&#8221; url_new_window=&#8221;on&#8221; button_text=&#8221;Konsthall&#8221; button_alignment=&#8221;left&#8221; disabled_on=&#8221;off|off|off&#8221; _builder_version=&#8221;4.19.4&#8243; custom_button=&#8221;on&#8221; button_text_size=&#8221;20px&#8221; button_bg_color=&#8221;#764E9A&#8221; button_border_width=&#8221;0px&#8221; button_border_radius=&#8221;0px&#8221; button_letter_spacing=&#8221;2px&#8221; button_font=&#8221;Optional Heavy|700||on|||||&#8221; button_use_icon=&#8221;off&#8221; custom_padding=&#8221;17px|26px|17px|26px|true|true&#8221; locked=&#8221;off&#8221; global_colors_info=&#8221;{}&#8221; button_bg_color__hover_enabled=&#8221;on|hover&#8221; button_bg_color_gradient_start__hover=&#8221;#ff5e23&#8243; button_bg_color__hover=&#8221;#B8331F&#8221; button_bg_color_gradient_stops__hover=&#8221;#ff5e23 0%|#f46aa0 100%&#8221; button_bg_enable_color__hover=&#8221;on&#8221;][\/et_pb_button][\/et_pb_column][\/et_pb_row][\/et_pb_section][et_pb_section fb_built=&#8221;1&#8243; disabled_on=&#8221;off|off|off&#8221; admin_label=&#8221;Footer&#8221; _builder_version=&#8221;4.19.4&#8243; background_color=&#8221;RGBA(255,255,255,0)&#8221; background_enable_image=&#8221;off&#8221; background_size=&#8221;custom&#8221; background_image_width=&#8221;26%&#8221; background_position=&#8221;center_left&#8221; custom_padding=&#8221;||120px|||&#8221; da_disable_devices=&#8221;off|off|off&#8221; saved_tabs=&#8221;all&#8221; locked=&#8221;off&#8221; global_colors_info=&#8221;{}&#8221; da_is_popup=&#8221;off&#8221; da_exit_intent=&#8221;off&#8221; da_has_close=&#8221;on&#8221; da_alt_close=&#8221;off&#8221; da_dark_close=&#8221;off&#8221; da_not_modal=&#8221;on&#8221; da_is_singular=&#8221;off&#8221; da_with_loader=&#8221;off&#8221; da_has_shadow=&#8221;on&#8221;][\/et_pb_section]<\/p>\n","protected":false},"excerpt":{"rendered":"<p>Evenemangsplatser &amp; tillg\u00e4nglighetBrunnsgatan 37 B, Borg\u00e5VANHA 123 Innanf\u00f6r WSOY-husets bastanta stenv\u00e4ggar, i den tidigare biograflokalen, sl\u00e5r festivalens kulturhj\u00e4rta. Vanha 123 med sina tre stycken hundra personers salonger \u00e4r en m\u00f6tesplats f\u00f6r ett m\u00e5ngsidigt kulturutbud, med hemtrevliga och l\u00e4ckra Aatos Caf\u00e9 i foajen. Under festivalen \u00e4r hela lokalen utsk\u00e4nkningsomr\u00e5de och f\u00f6ljaktligen \u00e4r tillst\u00e4llningarna K-18. F\u00f6r f\u00f6rsta [&hellip;]<\/p>\n","protected":false},"author":4,"featured_media":4163,"parent":0,"menu_order":0,"comment_status":"closed","ping_status":"closed","template":"","meta":{"_acf_changed":false,"_et_pb_use_builder":"on","_et_pb_old_content":"","_et_gb_content_width":"","footnotes":""},"class_list":["post-10275","page","type-page","status-publish","has-post-thumbnail","hentry"],"acf":[],"yoast_head":"<!-- This site is optimized with the Yoast SEO plugin v27.4 - https:\/\/yoast.com\/product\/yoast-seo-wordpress\/ -->\n<title>Evenemangsplatser 24 - Porvoo Jazz Festival<\/title>\n<meta name=\"robots\" content=\"index, follow, max-snippet:-1, max-image-preview:large, max-video-preview:-1\" \/>\n<link rel=\"canonical\" href=\"https:\/\/porvoojazzfestival.com\/sv\/evenemangsplatser-24\/\" \/>\n<meta property=\"og:locale\" content=\"sv_SE\" \/>\n<meta property=\"og:type\" content=\"article\" \/>\n<meta property=\"og:title\" content=\"Porvoo Jazz Festival\" \/>\n<meta property=\"og:description\" content=\"Program\" \/>\n<meta property=\"og:url\" content=\"https:\/\/porvoojazzfestival.com\/sv\/evenemangsplatser-24\/\" \/>\n<meta property=\"og:site_name\" content=\"Porvoo Jazz Festival\" \/>\n<meta property=\"article:publisher\" content=\"https:\/\/www.facebook.com\/PorvooJazzFestival\/\" \/>\n<meta property=\"article:modified_time\" content=\"2024-11-14T09:31:47+00:00\" \/>\n<meta property=\"og:image\" content=\"https:\/\/porvoojazzfestival.com\/wp-content\/uploads\/2019\/06\/PJF-2019-logo.png\" \/>\n<meta name=\"twitter:card\" content=\"summary_large_image\" \/>\n<meta name=\"twitter:site\" content=\"@porvoojazzfest\" \/>\n<meta name=\"twitter:label1\" content=\"Ber\u00e4knad l\u00e4stid\" \/>\n\t<meta name=\"twitter:data1\" content=\"10 minuter\" \/>\n<script type=\"application\/ld+json\" class=\"yoast-schema-graph\">{\"@context\":\"https:\\\/\\\/schema.org\",\"@graph\":[{\"@type\":\"WebPage\",\"@id\":\"https:\\\/\\\/porvoojazzfestival.com\\\/sv\\\/evenemangsplatser-24\\\/\",\"url\":\"https:\\\/\\\/porvoojazzfestival.com\\\/sv\\\/evenemangsplatser-24\\\/\",\"name\":\"Evenemangsplatser 24 - Porvoo Jazz Festival\",\"isPartOf\":{\"@id\":\"https:\\\/\\\/porvoojazzfestival.com\\\/sv\\\/#website\"},\"primaryImageOfPage\":{\"@id\":\"https:\\\/\\\/porvoojazzfestival.com\\\/sv\\\/evenemangsplatser-24\\\/#primaryimage\"},\"image\":{\"@id\":\"https:\\\/\\\/porvoojazzfestival.com\\\/sv\\\/evenemangsplatser-24\\\/#primaryimage\"},\"thumbnailUrl\":\"https:\\\/\\\/porvoojazzfestival.com\\\/wp-content\\\/uploads\\\/2020\\\/08\\\/PJF2020.png\",\"datePublished\":\"2024-06-20T12:22:13+00:00\",\"dateModified\":\"2024-11-14T09:31:47+00:00\",\"breadcrumb\":{\"@id\":\"https:\\\/\\\/porvoojazzfestival.com\\\/sv\\\/evenemangsplatser-24\\\/#breadcrumb\"},\"inLanguage\":\"sv-SE\",\"potentialAction\":[{\"@type\":\"ReadAction\",\"target\":[\"https:\\\/\\\/porvoojazzfestival.com\\\/sv\\\/evenemangsplatser-24\\\/\"]}]},{\"@type\":\"ImageObject\",\"inLanguage\":\"sv-SE\",\"@id\":\"https:\\\/\\\/porvoojazzfestival.com\\\/sv\\\/evenemangsplatser-24\\\/#primaryimage\",\"url\":\"https:\\\/\\\/porvoojazzfestival.com\\\/wp-content\\\/uploads\\\/2020\\\/08\\\/PJF2020.png\",\"contentUrl\":\"https:\\\/\\\/porvoojazzfestival.com\\\/wp-content\\\/uploads\\\/2020\\\/08\\\/PJF2020.png\",\"width\":401,\"height\":201},{\"@type\":\"BreadcrumbList\",\"@id\":\"https:\\\/\\\/porvoojazzfestival.com\\\/sv\\\/evenemangsplatser-24\\\/#breadcrumb\",\"itemListElement\":[{\"@type\":\"ListItem\",\"position\":1,\"name\":\"Home\",\"item\":\"https:\\\/\\\/porvoojazzfestival.com\\\/sv\\\/\"},{\"@type\":\"ListItem\",\"position\":2,\"name\":\"Evenemangsplatser 24\"}]},{\"@type\":\"WebSite\",\"@id\":\"https:\\\/\\\/porvoojazzfestival.com\\\/sv\\\/#website\",\"url\":\"https:\\\/\\\/porvoojazzfestival.com\\\/sv\\\/\",\"name\":\"Porvoo Jazz Festival\",\"description\":\"The Cosy Jazz Fest\",\"publisher\":{\"@id\":\"https:\\\/\\\/porvoojazzfestival.com\\\/sv\\\/#organization\"},\"potentialAction\":[{\"@type\":\"SearchAction\",\"target\":{\"@type\":\"EntryPoint\",\"urlTemplate\":\"https:\\\/\\\/porvoojazzfestival.com\\\/sv\\\/?s={search_term_string}\"},\"query-input\":{\"@type\":\"PropertyValueSpecification\",\"valueRequired\":true,\"valueName\":\"search_term_string\"}}],\"inLanguage\":\"sv-SE\"},{\"@type\":\"Organization\",\"@id\":\"https:\\\/\\\/porvoojazzfestival.com\\\/sv\\\/#organization\",\"name\":\"Porvoo Jazz Festival\",\"url\":\"https:\\\/\\\/porvoojazzfestival.com\\\/sv\\\/\",\"logo\":{\"@type\":\"ImageObject\",\"inLanguage\":\"sv-SE\",\"@id\":\"https:\\\/\\\/porvoojazzfestival.com\\\/sv\\\/#\\\/schema\\\/logo\\\/image\\\/\",\"url\":\"https:\\\/\\\/porvoojazzfestival.com\\\/wp-content\\\/uploads\\\/2025\\\/01\\\/cropped-Porvoo-Jazz-Festival-Favicon.png\",\"contentUrl\":\"https:\\\/\\\/porvoojazzfestival.com\\\/wp-content\\\/uploads\\\/2025\\\/01\\\/cropped-Porvoo-Jazz-Festival-Favicon.png\",\"width\":512,\"height\":512,\"caption\":\"Porvoo Jazz Festival\"},\"image\":{\"@id\":\"https:\\\/\\\/porvoojazzfestival.com\\\/sv\\\/#\\\/schema\\\/logo\\\/image\\\/\"},\"sameAs\":[\"https:\\\/\\\/www.facebook.com\\\/PorvooJazzFestival\\\/\",\"https:\\\/\\\/x.com\\\/porvoojazzfest\"]}]}<\/script>\n<!-- \/ Yoast SEO plugin. -->","yoast_head_json":{"title":"Evenemangsplatser 24 - Porvoo Jazz Festival","robots":{"index":"index","follow":"follow","max-snippet":"max-snippet:-1","max-image-preview":"max-image-preview:large","max-video-preview":"max-video-preview:-1"},"canonical":"https:\/\/porvoojazzfestival.com\/sv\/evenemangsplatser-24\/","og_locale":"sv_SE","og_type":"article","og_title":"Porvoo Jazz Festival","og_description":"Program","og_url":"https:\/\/porvoojazzfestival.com\/sv\/evenemangsplatser-24\/","og_site_name":"Porvoo Jazz Festival","article_publisher":"https:\/\/www.facebook.com\/PorvooJazzFestival\/","article_modified_time":"2024-11-14T09:31:47+00:00","og_image":[{"url":"https:\/\/porvoojazzfestival.com\/wp-content\/uploads\/2019\/06\/PJF-2019-logo.png","type":"","width":"","height":""}],"twitter_card":"summary_large_image","twitter_site":"@porvoojazzfest","twitter_misc":{"Ber\u00e4knad l\u00e4stid":"10 minuter"},"schema":{"@context":"https:\/\/schema.org","@graph":[{"@type":"WebPage","@id":"https:\/\/porvoojazzfestival.com\/sv\/evenemangsplatser-24\/","url":"https:\/\/porvoojazzfestival.com\/sv\/evenemangsplatser-24\/","name":"Evenemangsplatser 24 - Porvoo Jazz Festival","isPartOf":{"@id":"https:\/\/porvoojazzfestival.com\/sv\/#website"},"primaryImageOfPage":{"@id":"https:\/\/porvoojazzfestival.com\/sv\/evenemangsplatser-24\/#primaryimage"},"image":{"@id":"https:\/\/porvoojazzfestival.com\/sv\/evenemangsplatser-24\/#primaryimage"},"thumbnailUrl":"https:\/\/porvoojazzfestival.com\/wp-content\/uploads\/2020\/08\/PJF2020.png","datePublished":"2024-06-20T12:22:13+00:00","dateModified":"2024-11-14T09:31:47+00:00","breadcrumb":{"@id":"https:\/\/porvoojazzfestival.com\/sv\/evenemangsplatser-24\/#breadcrumb"},"inLanguage":"sv-SE","potentialAction":[{"@type":"ReadAction","target":["https:\/\/porvoojazzfestival.com\/sv\/evenemangsplatser-24\/"]}]},{"@type":"ImageObject","inLanguage":"sv-SE","@id":"https:\/\/porvoojazzfestival.com\/sv\/evenemangsplatser-24\/#primaryimage","url":"https:\/\/porvoojazzfestival.com\/wp-content\/uploads\/2020\/08\/PJF2020.png","contentUrl":"https:\/\/porvoojazzfestival.com\/wp-content\/uploads\/2020\/08\/PJF2020.png","width":401,"height":201},{"@type":"BreadcrumbList","@id":"https:\/\/porvoojazzfestival.com\/sv\/evenemangsplatser-24\/#breadcrumb","itemListElement":[{"@type":"ListItem","position":1,"name":"Home","item":"https:\/\/porvoojazzfestival.com\/sv\/"},{"@type":"ListItem","position":2,"name":"Evenemangsplatser 24"}]},{"@type":"WebSite","@id":"https:\/\/porvoojazzfestival.com\/sv\/#website","url":"https:\/\/porvoojazzfestival.com\/sv\/","name":"Porvoo Jazz Festival","description":"The Cosy Jazz Fest","publisher":{"@id":"https:\/\/porvoojazzfestival.com\/sv\/#organization"},"potentialAction":[{"@type":"SearchAction","target":{"@type":"EntryPoint","urlTemplate":"https:\/\/porvoojazzfestival.com\/sv\/?s={search_term_string}"},"query-input":{"@type":"PropertyValueSpecification","valueRequired":true,"valueName":"search_term_string"}}],"inLanguage":"sv-SE"},{"@type":"Organization","@id":"https:\/\/porvoojazzfestival.com\/sv\/#organization","name":"Porvoo Jazz Festival","url":"https:\/\/porvoojazzfestival.com\/sv\/","logo":{"@type":"ImageObject","inLanguage":"sv-SE","@id":"https:\/\/porvoojazzfestival.com\/sv\/#\/schema\/logo\/image\/","url":"https:\/\/porvoojazzfestival.com\/wp-content\/uploads\/2025\/01\/cropped-Porvoo-Jazz-Festival-Favicon.png","contentUrl":"https:\/\/porvoojazzfestival.com\/wp-content\/uploads\/2025\/01\/cropped-Porvoo-Jazz-Festival-Favicon.png","width":512,"height":512,"caption":"Porvoo Jazz Festival"},"image":{"@id":"https:\/\/porvoojazzfestival.com\/sv\/#\/schema\/logo\/image\/"},"sameAs":["https:\/\/www.facebook.com\/PorvooJazzFestival\/","https:\/\/x.com\/porvoojazzfest"]}]}},"_links":{"self":[{"href":"https:\/\/porvoojazzfestival.com\/sv\/wp-json\/wp\/v2\/pages\/10275","targetHints":{"allow":["GET"]}}],"collection":[{"href":"https:\/\/porvoojazzfestival.com\/sv\/wp-json\/wp\/v2\/pages"}],"about":[{"href":"https:\/\/porvoojazzfestival.com\/sv\/wp-json\/wp\/v2\/types\/page"}],"author":[{"embeddable":true,"href":"https:\/\/porvoojazzfestival.com\/sv\/wp-json\/wp\/v2\/users\/4"}],"replies":[{"embeddable":true,"href":"https:\/\/porvoojazzfestival.com\/sv\/wp-json\/wp\/v2\/comments?post=10275"}],"version-history":[{"count":0,"href":"https:\/\/porvoojazzfestival.com\/sv\/wp-json\/wp\/v2\/pages\/10275\/revisions"}],"wp:featuredmedia":[{"embeddable":true,"href":"https:\/\/porvoojazzfestival.com\/sv\/wp-json\/wp\/v2\/media\/4163"}],"wp:attachment":[{"href":"https:\/\/porvoojazzfestival.com\/sv\/wp-json\/wp\/v2\/media?parent=10275"}],"curies":[{"name":"wp","href":"https:\/\/api.w.org\/{rel}","templated":true}]}}